{"id":4470,"date":"2024-06-26T14:08:23","date_gmt":"2024-06-26T12:08:23","guid":{"rendered":"https:\/\/www.boogaerdthout.nl\/?post_type=project&#038;p=4470"},"modified":"2024-10-31T14:35:06","modified_gmt":"2024-10-31T13:35:06","slug":"projekt-larchenholzverkleidung-auf-ameland","status":"publish","type":"project","link":"https:\/\/www.boogaerdthout.nl\/de\/project\/project-lariks-hollands-hout-gevelbekleding-op-ameland\/","title":{"rendered":"Projekt Larch Dutch Wood Fassadenverkleidung auf Ameland"},"content":{"rendered":"<div  class='flex_column av-yp8kk-4c28a969338b2442181f2d5da41e400b av_two_third  avia-builder-el-0  el_before_av_one_third  avia-builder-el-first  first flex_column_div'     ><section  class='av_textblock_section av-m1hqwpfz-19b8c8c08d517f07efdae979825eb397'   itemscope=\"itemscope\" itemtype=\"https:\/\/schema.org\/CreativeWork\" ><div class='avia_textblock'  itemprop=\"text\" ><h2>L\u00e4rchenholzverkleidung auf Ameland<\/h2>\n<p>Im Toilettengeb\u00e4ude des Naturcampingplatzes Middelp\u00f4lle in Nes (Ameland) wurde eine Verkleidung aus holl\u00e4ndischem L\u00e4rchenholz verwendet. Das verwendete Modell ist nach vier Seiten dampfoffen. Die verwendete Farbe ist deckendes Schwarz mit einem speziellen metallischen Zusatz.<\/p>\n<p><strong>Ort<\/strong>: Nes (Ameland)<br \/>\n<strong>Lieferung<\/strong>: M\u00e4rz 2024<br \/>\n<strong>Holzart(en)<\/strong>: <a href=\"https:\/\/www.boogaerdthout.nl\/de\/holzart\/hollandisches-larchenholz\/\">Holl\u00e4ndisches L\u00e4rchenholz<\/a><br \/>\n<strong>Qualit\u00e4tszeichen<\/strong>: FSC 100%<\/p>\n<p><em>Schauen Sie sich die Fotos des Projekts an!<\/em><\/p>\n<\/div><\/section><br \/>\n\n<style type=\"text\/css\" data-created_by=\"avia_inline_auto\" id=\"style-css-av-77xipw-33846801854e0426cb56ffc98837c60c\">\n#top .hr.hr-invisible.av-77xipw-33846801854e0426cb56ffc98837c60c{\nheight:55px;\n}\n<\/style>\n<div  class='hr av-77xipw-33846801854e0426cb56ffc98837c60c hr-invisible  avia-builder-el-2  el_after_av_textblock  el_before_av_textblock'><span class='hr-inner'><span class=\"hr-inner-style\"><\/span><\/span><\/div><br \/>\n<section  class='av_textblock_section av-m1hr1b04-4a6e889f8c305a9ca8abf29fe7483032'   itemscope=\"itemscope\" itemtype=\"https:\/\/schema.org\/CreativeWork\" ><div class='avia_textblock'  itemprop=\"text\" ><h2 style=\"text-align: center;\">Fotoimpression<\/h2>\n<\/div><\/section><br \/>\n\n<style type=\"text\/css\" data-created_by=\"avia_inline_auto\" id=\"style-css-av-5uzosk-ee93fbcca6acddec78e9d9d1ba05c2ea\">\n#top .hr.hr-invisible.av-5uzosk-ee93fbcca6acddec78e9d9d1ba05c2ea{\nheight:55px;\n}\n<\/style>\n<div  class='hr av-5uzosk-ee93fbcca6acddec78e9d9d1ba05c2ea hr-invisible  avia-builder-el-4  el_after_av_textblock  el_before_av_gallery'><span class='hr-inner'><span class=\"hr-inner-style\"><\/span><\/span><\/div><br \/>\n\n<style type=\"text\/css\" data-created_by=\"avia_inline_auto\" id=\"style-css-av-m1hvq4rw-2d439f02fb640c39da2b390c9561b4af\">\n#top .avia-gallery.av-m1hvq4rw-2d439f02fb640c39da2b390c9561b4af .avia-gallery-thumb a{\nwidth:33.3333%;\n}\n<\/style>\n<div  class='avia-gallery av-m1hvq4rw-2d439f02fb640c39da2b390c9561b4af avia_animate_when_visible  avia-builder-el-5  el_after_av_hr  el_before_av_hr  avia_lazyload avia-gallery-animate avia-gallery-1'  itemprop=\"image\" itemscope=\"itemscope\" itemtype=\"https:\/\/schema.org\/ImageObject\" ><meta itemprop=\"contentURL\" content=\"https:\/\/www.boogaerdthout.nl\/de\/project\/project-lariks-hollands-hout-gevelbekleding-op-ameland\/\"><div class='avia-gallery-thumb'><a href=\"https:\/\/www.boogaerdthout.nl\/wp-content\/uploads\/2024\/09\/Lariks-Hollands-Hout-gevelbekleding-Project-Ameland-I-1030x580.webp\" data-srcset=\"https:\/\/www.boogaerdthout.nl\/wp-content\/uploads\/2024\/09\/Lariks-Hollands-Hout-gevelbekleding-Project-Ameland-I-1030x580.webp 1030w, https:\/\/www.boogaerdthout.nl\/wp-content\/uploads\/2024\/09\/Lariks-Hollands-Hout-gevelbekleding-Project-Ameland-I-300x169.webp 300w, https:\/\/www.boogaerdthout.nl\/wp-content\/uploads\/2024\/09\/Lariks-Hollands-Hout-gevelbekleding-Project-Ameland-I-768x432.webp 768w, https:\/\/www.boogaerdthout.nl\/wp-content\/uploads\/2024\/09\/Lariks-Hollands-Hout-gevelbekleding-Project-Ameland-I-1536x865.webp 1536w, https:\/\/www.boogaerdthout.nl\/wp-content\/uploads\/2024\/09\/Lariks-Hollands-Hout-gevelbekleding-Project-Ameland-I-2048x1153.webp 2048w, https:\/\/www.boogaerdthout.nl\/wp-content\/uploads\/2024\/09\/Lariks-Hollands-Hout-gevelbekleding-Project-Ameland-I-18x10.webp 18w, https:\/\/www.boogaerdthout.nl\/wp-content\/uploads\/2024\/09\/Lariks-Hollands-Hout-gevelbekleding-Project-Ameland-I-1500x845.webp 1500w, https:\/\/www.boogaerdthout.nl\/wp-content\/uploads\/2024\/09\/Lariks-Hollands-Hout-gevelbekleding-Project-Ameland-I-705x397.webp 705w\" data-sizes=\"(max-width: 1030px) 100vw, 1030px\" data-rel='gallery-1' data-prev-img='https:\/\/www.boogaerdthout.nl\/wp-content\/uploads\/2024\/09\/Lariks-Hollands-Hout-gevelbekleding-Project-Ameland-I-495x400.webp' class='first_thumb lightbox' data-onclick='1' title=''  itemprop=\"thumbnailUrl\"  ><img decoding=\"async\" fetchpriority=\"high\" class=\"wp-image-4471 avia-img-lazy-loading-not-4471\"   src=\"https:\/\/www.boogaerdthout.nl\/wp-content\/uploads\/2024\/09\/Lariks-Hollands-Hout-gevelbekleding-Project-Ameland-I-495x400.webp\" width=\"495\" height=\"400\"  title='L\u00e4rche Holl\u00e4ndisches Holzverkleidungsprojekt Ameland - I' alt='' srcset=\"https:\/\/www.boogaerdthout.nl\/wp-content\/uploads\/2024\/09\/Lariks-Hollands-Hout-gevelbekleding-Project-Ameland-I-495x400.webp 495w, https:\/\/www.boogaerdthout.nl\/wp-content\/uploads\/2024\/09\/Lariks-Hollands-Hout-gevelbekleding-Project-Ameland-I-845x684.webp 845w\" sizes=\"(max-width: 495px) 100vw, 495px\" \/><div class='big-prev-fake'><img decoding=\"async\" loading=\"lazy\" class=\"wp-image-4471 avia-img-lazy-loading-4471\"  width=\"495\" height=\"400\" src=\"https:\/\/www.boogaerdthout.nl\/wp-content\/uploads\/2024\/09\/Lariks-Hollands-Hout-gevelbekleding-Project-Ameland-I-495x400.webp\" title='L\u00e4rche Holl\u00e4ndisches Holzverkleidungsprojekt Ameland - I' alt='' srcset=\"https:\/\/www.boogaerdthout.nl\/wp-content\/uploads\/2024\/09\/Lariks-Hollands-Hout-gevelbekleding-Project-Ameland-I-495x400.webp 495w, https:\/\/www.boogaerdthout.nl\/wp-content\/uploads\/2024\/09\/Lariks-Hollands-Hout-gevelbekleding-Project-Ameland-I-845x684.webp 845w\" sizes=\"auto, (max-width: 495px) 100vw, 495px\" \/><\/div><\/a><a href=\"https:\/\/www.boogaerdthout.nl\/wp-content\/uploads\/2024\/09\/Lariks-Hollands-Hout-gevelbekleding-Project-Ameland-II-1030x579.webp\" data-srcset=\"https:\/\/www.boogaerdthout.nl\/wp-content\/uploads\/2024\/09\/Lariks-Hollands-Hout-gevelbekleding-Project-Ameland-II-1030x579.webp 1030w, https:\/\/www.boogaerdthout.nl\/wp-content\/uploads\/2024\/09\/Lariks-Hollands-Hout-gevelbekleding-Project-Ameland-II-300x169.webp 300w, https:\/\/www.boogaerdthout.nl\/wp-content\/uploads\/2024\/09\/Lariks-Hollands-Hout-gevelbekleding-Project-Ameland-II-768x432.webp 768w, https:\/\/www.boogaerdthout.nl\/wp-content\/uploads\/2024\/09\/Lariks-Hollands-Hout-gevelbekleding-Project-Ameland-II-1536x864.webp 1536w, https:\/\/www.boogaerdthout.nl\/wp-content\/uploads\/2024\/09\/Lariks-Hollands-Hout-gevelbekleding-Project-Ameland-II-2048x1152.webp 2048w, https:\/\/www.boogaerdthout.nl\/wp-content\/uploads\/2024\/09\/Lariks-Hollands-Hout-gevelbekleding-Project-Ameland-II-18x10.webp 18w, https:\/\/www.boogaerdthout.nl\/wp-content\/uploads\/2024\/09\/Lariks-Hollands-Hout-gevelbekleding-Project-Ameland-II-1500x844.webp 1500w, https:\/\/www.boogaerdthout.nl\/wp-content\/uploads\/2024\/09\/Lariks-Hollands-Hout-gevelbekleding-Project-Ameland-II-705x397.webp 705w\" data-sizes=\"(max-width: 1030px) 100vw, 1030px\" data-rel='gallery-1' data-prev-img='https:\/\/www.boogaerdthout.nl\/wp-content\/uploads\/2024\/09\/Lariks-Hollands-Hout-gevelbekleding-Project-Ameland-II-495x400.webp' class='lightbox' data-onclick='2' title=''  itemprop=\"thumbnailUrl\"  ><img decoding=\"async\" fetchpriority=\"high\" class=\"wp-image-4472 avia-img-lazy-loading-not-4472\"   src=\"https:\/\/www.boogaerdthout.nl\/wp-content\/uploads\/2024\/09\/Lariks-Hollands-Hout-gevelbekleding-Project-Ameland-II-495x400.webp\" width=\"495\" height=\"400\"  title='L\u00e4rche Holl\u00e4ndisches Holzverkleidungsprojekt Ameland - II' alt='' srcset=\"https:\/\/www.boogaerdthout.nl\/wp-content\/uploads\/2024\/09\/Lariks-Hollands-Hout-gevelbekleding-Project-Ameland-II-495x400.webp 495w, https:\/\/www.boogaerdthout.nl\/wp-content\/uploads\/2024\/09\/Lariks-Hollands-Hout-gevelbekleding-Project-Ameland-II-845x684.webp 845w\" sizes=\"(max-width: 495px) 100vw, 495px\" \/><div class='big-prev-fake'><img decoding=\"async\" loading=\"lazy\" class=\"wp-image-4472 avia-img-lazy-loading-4472\"  width=\"495\" height=\"400\" src=\"https:\/\/www.boogaerdthout.nl\/wp-content\/uploads\/2024\/09\/Lariks-Hollands-Hout-gevelbekleding-Project-Ameland-II-495x400.webp\" title='L\u00e4rche Holl\u00e4ndisches Holzverkleidungsprojekt Ameland - II' alt='' srcset=\"https:\/\/www.boogaerdthout.nl\/wp-content\/uploads\/2024\/09\/Lariks-Hollands-Hout-gevelbekleding-Project-Ameland-II-495x400.webp 495w, https:\/\/www.boogaerdthout.nl\/wp-content\/uploads\/2024\/09\/Lariks-Hollands-Hout-gevelbekleding-Project-Ameland-II-845x684.webp 845w\" sizes=\"auto, (max-width: 495px) 100vw, 495px\" \/><\/div><\/a><a href=\"https:\/\/www.boogaerdthout.nl\/wp-content\/uploads\/2024\/09\/Lariks-Hollands-Hout-gevelbekleding-Project-Ameland-III-1030x580.webp\" data-srcset=\"https:\/\/www.boogaerdthout.nl\/wp-content\/uploads\/2024\/09\/Lariks-Hollands-Hout-gevelbekleding-Project-Ameland-III-1030x580.webp 1030w, https:\/\/www.boogaerdthout.nl\/wp-content\/uploads\/2024\/09\/Lariks-Hollands-Hout-gevelbekleding-Project-Ameland-III-300x169.webp 300w, https:\/\/www.boogaerdthout.nl\/wp-content\/uploads\/2024\/09\/Lariks-Hollands-Hout-gevelbekleding-Project-Ameland-III-768x432.webp 768w, https:\/\/www.boogaerdthout.nl\/wp-content\/uploads\/2024\/09\/Lariks-Hollands-Hout-gevelbekleding-Project-Ameland-III-1536x865.webp 1536w, https:\/\/www.boogaerdthout.nl\/wp-content\/uploads\/2024\/09\/Lariks-Hollands-Hout-gevelbekleding-Project-Ameland-III-2048x1153.webp 2048w, https:\/\/www.boogaerdthout.nl\/wp-content\/uploads\/2024\/09\/Lariks-Hollands-Hout-gevelbekleding-Project-Ameland-III-18x10.webp 18w, https:\/\/www.boogaerdthout.nl\/wp-content\/uploads\/2024\/09\/Lariks-Hollands-Hout-gevelbekleding-Project-Ameland-III-1500x845.webp 1500w, https:\/\/www.boogaerdthout.nl\/wp-content\/uploads\/2024\/09\/Lariks-Hollands-Hout-gevelbekleding-Project-Ameland-III-705x397.webp 705w\" data-sizes=\"(max-width: 1030px) 100vw, 1030px\" data-rel='gallery-1' data-prev-img='https:\/\/www.boogaerdthout.nl\/wp-content\/uploads\/2024\/09\/Lariks-Hollands-Hout-gevelbekleding-Project-Ameland-III-495x400.webp' class='lightbox' data-onclick='3' title=''  itemprop=\"thumbnailUrl\"  ><img decoding=\"async\" fetchpriority=\"high\" class=\"wp-image-4473 avia-img-lazy-loading-not-4473\"   src=\"https:\/\/www.boogaerdthout.nl\/wp-content\/uploads\/2024\/09\/Lariks-Hollands-Hout-gevelbekleding-Project-Ameland-III-495x400.webp\" width=\"495\" height=\"400\"  title='L\u00e4rche Holl\u00e4ndisches Holzverkleidungsprojekt Ameland - III' alt='' srcset=\"https:\/\/www.boogaerdthout.nl\/wp-content\/uploads\/2024\/09\/Lariks-Hollands-Hout-gevelbekleding-Project-Ameland-III-495x400.webp 495w, https:\/\/www.boogaerdthout.nl\/wp-content\/uploads\/2024\/09\/Lariks-Hollands-Hout-gevelbekleding-Project-Ameland-III-845x684.webp 845w\" sizes=\"(max-width: 495px) 100vw, 495px\" \/><div class='big-prev-fake'><img decoding=\"async\" loading=\"lazy\" class=\"wp-image-4473 avia-img-lazy-loading-4473\"  width=\"495\" height=\"400\" src=\"https:\/\/www.boogaerdthout.nl\/wp-content\/uploads\/2024\/09\/Lariks-Hollands-Hout-gevelbekleding-Project-Ameland-III-495x400.webp\" title='L\u00e4rche Holl\u00e4ndisches Holzverkleidungsprojekt Ameland - III' alt='' srcset=\"https:\/\/www.boogaerdthout.nl\/wp-content\/uploads\/2024\/09\/Lariks-Hollands-Hout-gevelbekleding-Project-Ameland-III-495x400.webp 495w, https:\/\/www.boogaerdthout.nl\/wp-content\/uploads\/2024\/09\/Lariks-Hollands-Hout-gevelbekleding-Project-Ameland-III-845x684.webp 845w\" sizes=\"auto, (max-width: 495px) 100vw, 495px\" \/><\/div><\/a><a href=\"https:\/\/www.boogaerdthout.nl\/wp-content\/uploads\/2024\/09\/Lariks-Hollands-Hout-gevelbekleding-Project-Ameland-IV-1030x580.webp\" data-srcset=\"https:\/\/www.boogaerdthout.nl\/wp-content\/uploads\/2024\/09\/Lariks-Hollands-Hout-gevelbekleding-Project-Ameland-IV-1030x580.webp 1030w, https:\/\/www.boogaerdthout.nl\/wp-content\/uploads\/2024\/09\/Lariks-Hollands-Hout-gevelbekleding-Project-Ameland-IV-300x169.webp 300w, https:\/\/www.boogaerdthout.nl\/wp-content\/uploads\/2024\/09\/Lariks-Hollands-Hout-gevelbekleding-Project-Ameland-IV-768x432.webp 768w, https:\/\/www.boogaerdthout.nl\/wp-content\/uploads\/2024\/09\/Lariks-Hollands-Hout-gevelbekleding-Project-Ameland-IV-1536x865.webp 1536w, https:\/\/www.boogaerdthout.nl\/wp-content\/uploads\/2024\/09\/Lariks-Hollands-Hout-gevelbekleding-Project-Ameland-IV-2048x1153.webp 2048w, https:\/\/www.boogaerdthout.nl\/wp-content\/uploads\/2024\/09\/Lariks-Hollands-Hout-gevelbekleding-Project-Ameland-IV-18x10.webp 18w, https:\/\/www.boogaerdthout.nl\/wp-content\/uploads\/2024\/09\/Lariks-Hollands-Hout-gevelbekleding-Project-Ameland-IV-1500x845.webp 1500w, https:\/\/www.boogaerdthout.nl\/wp-content\/uploads\/2024\/09\/Lariks-Hollands-Hout-gevelbekleding-Project-Ameland-IV-705x397.webp 705w\" data-sizes=\"(max-width: 1030px) 100vw, 1030px\" data-rel='gallery-1' data-prev-img='https:\/\/www.boogaerdthout.nl\/wp-content\/uploads\/2024\/09\/Lariks-Hollands-Hout-gevelbekleding-Project-Ameland-IV-495x400.webp' class='first_thumb lightbox' data-onclick='4' title=''  itemprop=\"thumbnailUrl\"  ><img decoding=\"async\" fetchpriority=\"high\" class=\"wp-image-4474 avia-img-lazy-loading-not-4474\"   src=\"https:\/\/www.boogaerdthout.nl\/wp-content\/uploads\/2024\/09\/Lariks-Hollands-Hout-gevelbekleding-Project-Ameland-IV-495x400.webp\" width=\"495\" height=\"400\"  title='L\u00e4rche Holl\u00e4ndisches Holzverkleidungsprojekt Ameland - IV' alt='' srcset=\"https:\/\/www.boogaerdthout.nl\/wp-content\/uploads\/2024\/09\/Lariks-Hollands-Hout-gevelbekleding-Project-Ameland-IV-495x400.webp 495w, https:\/\/www.boogaerdthout.nl\/wp-content\/uploads\/2024\/09\/Lariks-Hollands-Hout-gevelbekleding-Project-Ameland-IV-845x684.webp 845w\" sizes=\"(max-width: 495px) 100vw, 495px\" \/><div class='big-prev-fake'><img decoding=\"async\" loading=\"lazy\" class=\"wp-image-4474 avia-img-lazy-loading-4474\"  width=\"495\" height=\"400\" src=\"https:\/\/www.boogaerdthout.nl\/wp-content\/uploads\/2024\/09\/Lariks-Hollands-Hout-gevelbekleding-Project-Ameland-IV-495x400.webp\" title='L\u00e4rche Holl\u00e4ndisches Holzverkleidungsprojekt Ameland - IV' alt='' srcset=\"https:\/\/www.boogaerdthout.nl\/wp-content\/uploads\/2024\/09\/Lariks-Hollands-Hout-gevelbekleding-Project-Ameland-IV-495x400.webp 495w, https:\/\/www.boogaerdthout.nl\/wp-content\/uploads\/2024\/09\/Lariks-Hollands-Hout-gevelbekleding-Project-Ameland-IV-845x684.webp 845w\" sizes=\"auto, (max-width: 495px) 100vw, 495px\" \/><\/div><\/a><a href=\"https:\/\/www.boogaerdthout.nl\/wp-content\/uploads\/2024\/09\/Lariks-Hollands-Hout-gevelbekleding-Project-Ameland-IX-577x1030.webp\" data-srcset=\"https:\/\/www.boogaerdthout.nl\/wp-content\/uploads\/2024\/09\/Lariks-Hollands-Hout-gevelbekleding-Project-Ameland-IX-577x1030.webp 577w, https:\/\/www.boogaerdthout.nl\/wp-content\/uploads\/2024\/09\/Lariks-Hollands-Hout-gevelbekleding-Project-Ameland-IX-168x300.webp 168w, https:\/\/www.boogaerdthout.nl\/wp-content\/uploads\/2024\/09\/Lariks-Hollands-Hout-gevelbekleding-Project-Ameland-IX-768x1371.webp 768w, https:\/\/www.boogaerdthout.nl\/wp-content\/uploads\/2024\/09\/Lariks-Hollands-Hout-gevelbekleding-Project-Ameland-IX-860x1536.webp 860w, https:\/\/www.boogaerdthout.nl\/wp-content\/uploads\/2024\/09\/Lariks-Hollands-Hout-gevelbekleding-Project-Ameland-IX-1147x2048.webp 1147w, https:\/\/www.boogaerdthout.nl\/wp-content\/uploads\/2024\/09\/Lariks-Hollands-Hout-gevelbekleding-Project-Ameland-IX-7x12.webp 7w, https:\/\/www.boogaerdthout.nl\/wp-content\/uploads\/2024\/09\/Lariks-Hollands-Hout-gevelbekleding-Project-Ameland-IX-840x1500.webp 840w, https:\/\/www.boogaerdthout.nl\/wp-content\/uploads\/2024\/09\/Lariks-Hollands-Hout-gevelbekleding-Project-Ameland-IX-395x705.webp 395w, https:\/\/www.boogaerdthout.nl\/wp-content\/uploads\/2024\/09\/Lariks-Hollands-Hout-gevelbekleding-Project-Ameland-IX-scaled.webp 1434w\" data-sizes=\"(max-width: 577px) 100vw, 577px\" data-rel='gallery-1' data-prev-img='https:\/\/www.boogaerdthout.nl\/wp-content\/uploads\/2024\/09\/Lariks-Hollands-Hout-gevelbekleding-Project-Ameland-IX-495x400.webp' class='lightbox' data-onclick='5' title=''  itemprop=\"thumbnailUrl\"  ><img decoding=\"async\" fetchpriority=\"high\" class=\"wp-image-4475 avia-img-lazy-loading-not-4475\"   src=\"https:\/\/www.boogaerdthout.nl\/wp-content\/uploads\/2024\/09\/Lariks-Hollands-Hout-gevelbekleding-Project-Ameland-IX-495x400.webp\" width=\"495\" height=\"400\"  title='Fassadenverkleidung aus niederl\u00e4ndischem L\u00e4rchenholz Projekt Ameland - IX' alt='' srcset=\"https:\/\/www.boogaerdthout.nl\/wp-content\/uploads\/2024\/09\/Lariks-Hollands-Hout-gevelbekleding-Project-Ameland-IX-495x400.webp 495w, https:\/\/www.boogaerdthout.nl\/wp-content\/uploads\/2024\/09\/Lariks-Hollands-Hout-gevelbekleding-Project-Ameland-IX-845x684.webp 845w\" sizes=\"(max-width: 495px) 100vw, 495px\" \/><div class='big-prev-fake'><img decoding=\"async\" loading=\"lazy\" class=\"wp-image-4475 avia-img-lazy-loading-4475\"  width=\"495\" height=\"400\" src=\"https:\/\/www.boogaerdthout.nl\/wp-content\/uploads\/2024\/09\/Lariks-Hollands-Hout-gevelbekleding-Project-Ameland-IX-495x400.webp\" title='Fassadenverkleidung aus niederl\u00e4ndischem L\u00e4rchenholz Projekt Ameland - IX' alt='' srcset=\"https:\/\/www.boogaerdthout.nl\/wp-content\/uploads\/2024\/09\/Lariks-Hollands-Hout-gevelbekleding-Project-Ameland-IX-495x400.webp 495w, https:\/\/www.boogaerdthout.nl\/wp-content\/uploads\/2024\/09\/Lariks-Hollands-Hout-gevelbekleding-Project-Ameland-IX-845x684.webp 845w\" sizes=\"auto, (max-width: 495px) 100vw, 495px\" \/><\/div><\/a><a href=\"https:\/\/www.boogaerdthout.nl\/wp-content\/uploads\/2024\/09\/Lariks-Hollands-Hout-gevelbekleding-Project-Ameland-V-1030x579.webp\" data-srcset=\"https:\/\/www.boogaerdthout.nl\/wp-content\/uploads\/2024\/09\/Lariks-Hollands-Hout-gevelbekleding-Project-Ameland-V-1030x579.webp 1030w, https:\/\/www.boogaerdthout.nl\/wp-content\/uploads\/2024\/09\/Lariks-Hollands-Hout-gevelbekleding-Project-Ameland-V-300x169.webp 300w, https:\/\/www.boogaerdthout.nl\/wp-content\/uploads\/2024\/09\/Lariks-Hollands-Hout-gevelbekleding-Project-Ameland-V-768x432.webp 768w, https:\/\/www.boogaerdthout.nl\/wp-content\/uploads\/2024\/09\/Lariks-Hollands-Hout-gevelbekleding-Project-Ameland-V-1536x864.webp 1536w, https:\/\/www.boogaerdthout.nl\/wp-content\/uploads\/2024\/09\/Lariks-Hollands-Hout-gevelbekleding-Project-Ameland-V-2048x1152.webp 2048w, https:\/\/www.boogaerdthout.nl\/wp-content\/uploads\/2024\/09\/Lariks-Hollands-Hout-gevelbekleding-Project-Ameland-V-18x10.webp 18w, https:\/\/www.boogaerdthout.nl\/wp-content\/uploads\/2024\/09\/Lariks-Hollands-Hout-gevelbekleding-Project-Ameland-V-1500x844.webp 1500w, https:\/\/www.boogaerdthout.nl\/wp-content\/uploads\/2024\/09\/Lariks-Hollands-Hout-gevelbekleding-Project-Ameland-V-705x397.webp 705w\" data-sizes=\"(max-width: 1030px) 100vw, 1030px\" data-rel='gallery-1' data-prev-img='https:\/\/www.boogaerdthout.nl\/wp-content\/uploads\/2024\/09\/Lariks-Hollands-Hout-gevelbekleding-Project-Ameland-V-495x400.webp' class='lightbox' data-onclick='6' title=''  itemprop=\"thumbnailUrl\"  ><img decoding=\"async\" fetchpriority=\"high\" class=\"wp-image-4476 avia-img-lazy-loading-not-4476\"   src=\"https:\/\/www.boogaerdthout.nl\/wp-content\/uploads\/2024\/09\/Lariks-Hollands-Hout-gevelbekleding-Project-Ameland-V-495x400.webp\" width=\"495\" height=\"400\"  title='L\u00e4rche Holl\u00e4ndisches Holzverkleidungsprojekt Ameland - V' alt='' srcset=\"https:\/\/www.boogaerdthout.nl\/wp-content\/uploads\/2024\/09\/Lariks-Hollands-Hout-gevelbekleding-Project-Ameland-V-495x400.webp 495w, https:\/\/www.boogaerdthout.nl\/wp-content\/uploads\/2024\/09\/Lariks-Hollands-Hout-gevelbekleding-Project-Ameland-V-845x684.webp 845w\" sizes=\"(max-width: 495px) 100vw, 495px\" \/><div class='big-prev-fake'><img decoding=\"async\" loading=\"lazy\" class=\"wp-image-4476 avia-img-lazy-loading-4476\"  width=\"495\" height=\"400\" src=\"https:\/\/www.boogaerdthout.nl\/wp-content\/uploads\/2024\/09\/Lariks-Hollands-Hout-gevelbekleding-Project-Ameland-V-495x400.webp\" title='L\u00e4rche Holl\u00e4ndisches Holzverkleidungsprojekt Ameland - V' alt='' srcset=\"https:\/\/www.boogaerdthout.nl\/wp-content\/uploads\/2024\/09\/Lariks-Hollands-Hout-gevelbekleding-Project-Ameland-V-495x400.webp 495w, https:\/\/www.boogaerdthout.nl\/wp-content\/uploads\/2024\/09\/Lariks-Hollands-Hout-gevelbekleding-Project-Ameland-V-845x684.webp 845w\" sizes=\"auto, (max-width: 495px) 100vw, 495px\" \/><\/div><\/a><a href=\"https:\/\/www.boogaerdthout.nl\/wp-content\/uploads\/2024\/09\/Lariks-Hollands-Hout-gevelbekleding-Project-Ameland-VI-577x1030.webp\" data-srcset=\"https:\/\/www.boogaerdthout.nl\/wp-content\/uploads\/2024\/09\/Lariks-Hollands-Hout-gevelbekleding-Project-Ameland-VI-577x1030.webp 577w, https:\/\/www.boogaerdthout.nl\/wp-content\/uploads\/2024\/09\/Lariks-Hollands-Hout-gevelbekleding-Project-Ameland-VI-168x300.webp 168w, https:\/\/www.boogaerdthout.nl\/wp-content\/uploads\/2024\/09\/Lariks-Hollands-Hout-gevelbekleding-Project-Ameland-VI-768x1371.webp 768w, https:\/\/www.boogaerdthout.nl\/wp-content\/uploads\/2024\/09\/Lariks-Hollands-Hout-gevelbekleding-Project-Ameland-VI-860x1536.webp 860w, https:\/\/www.boogaerdthout.nl\/wp-content\/uploads\/2024\/09\/Lariks-Hollands-Hout-gevelbekleding-Project-Ameland-VI-1147x2048.webp 1147w, https:\/\/www.boogaerdthout.nl\/wp-content\/uploads\/2024\/09\/Lariks-Hollands-Hout-gevelbekleding-Project-Ameland-VI-7x12.webp 7w, https:\/\/www.boogaerdthout.nl\/wp-content\/uploads\/2024\/09\/Lariks-Hollands-Hout-gevelbekleding-Project-Ameland-VI-840x1500.webp 840w, https:\/\/www.boogaerdthout.nl\/wp-content\/uploads\/2024\/09\/Lariks-Hollands-Hout-gevelbekleding-Project-Ameland-VI-395x705.webp 395w, https:\/\/www.boogaerdthout.nl\/wp-content\/uploads\/2024\/09\/Lariks-Hollands-Hout-gevelbekleding-Project-Ameland-VI-scaled.webp 1434w\" data-sizes=\"(max-width: 577px) 100vw, 577px\" data-rel='gallery-1' data-prev-img='https:\/\/www.boogaerdthout.nl\/wp-content\/uploads\/2024\/09\/Lariks-Hollands-Hout-gevelbekleding-Project-Ameland-VI-495x400.webp' class='first_thumb lightbox' data-onclick='7' title=''  itemprop=\"thumbnailUrl\"  ><img decoding=\"async\" fetchpriority=\"high\" class=\"wp-image-4477 avia-img-lazy-loading-not-4477\"   src=\"https:\/\/www.boogaerdthout.nl\/wp-content\/uploads\/2024\/09\/Lariks-Hollands-Hout-gevelbekleding-Project-Ameland-VI-495x400.webp\" width=\"495\" height=\"400\"  title='L\u00e4rche Holl\u00e4ndisches Holzverkleidungsprojekt Ameland - VI' alt='' srcset=\"https:\/\/www.boogaerdthout.nl\/wp-content\/uploads\/2024\/09\/Lariks-Hollands-Hout-gevelbekleding-Project-Ameland-VI-495x400.webp 495w, https:\/\/www.boogaerdthout.nl\/wp-content\/uploads\/2024\/09\/Lariks-Hollands-Hout-gevelbekleding-Project-Ameland-VI-845x684.webp 845w\" sizes=\"(max-width: 495px) 100vw, 495px\" \/><div class='big-prev-fake'><img decoding=\"async\" loading=\"lazy\" class=\"wp-image-4477 avia-img-lazy-loading-4477\"  width=\"495\" height=\"400\" src=\"https:\/\/www.boogaerdthout.nl\/wp-content\/uploads\/2024\/09\/Lariks-Hollands-Hout-gevelbekleding-Project-Ameland-VI-495x400.webp\" title='L\u00e4rche Holl\u00e4ndisches Holzverkleidungsprojekt Ameland - VI' alt='' srcset=\"https:\/\/www.boogaerdthout.nl\/wp-content\/uploads\/2024\/09\/Lariks-Hollands-Hout-gevelbekleding-Project-Ameland-VI-495x400.webp 495w, https:\/\/www.boogaerdthout.nl\/wp-content\/uploads\/2024\/09\/Lariks-Hollands-Hout-gevelbekleding-Project-Ameland-VI-845x684.webp 845w\" sizes=\"auto, (max-width: 495px) 100vw, 495px\" \/><\/div><\/a><a href=\"https:\/\/www.boogaerdthout.nl\/wp-content\/uploads\/2024\/09\/Lariks-Hollands-Hout-gevelbekleding-Project-Ameland-VII-1030x580.webp\" data-srcset=\"https:\/\/www.boogaerdthout.nl\/wp-content\/uploads\/2024\/09\/Lariks-Hollands-Hout-gevelbekleding-Project-Ameland-VII-1030x580.webp 1030w, https:\/\/www.boogaerdthout.nl\/wp-content\/uploads\/2024\/09\/Lariks-Hollands-Hout-gevelbekleding-Project-Ameland-VII-300x169.webp 300w, https:\/\/www.boogaerdthout.nl\/wp-content\/uploads\/2024\/09\/Lariks-Hollands-Hout-gevelbekleding-Project-Ameland-VII-768x432.webp 768w, https:\/\/www.boogaerdthout.nl\/wp-content\/uploads\/2024\/09\/Lariks-Hollands-Hout-gevelbekleding-Project-Ameland-VII-1536x865.webp 1536w, https:\/\/www.boogaerdthout.nl\/wp-content\/uploads\/2024\/09\/Lariks-Hollands-Hout-gevelbekleding-Project-Ameland-VII-2048x1153.webp 2048w, https:\/\/www.boogaerdthout.nl\/wp-content\/uploads\/2024\/09\/Lariks-Hollands-Hout-gevelbekleding-Project-Ameland-VII-18x10.webp 18w, https:\/\/www.boogaerdthout.nl\/wp-content\/uploads\/2024\/09\/Lariks-Hollands-Hout-gevelbekleding-Project-Ameland-VII-1500x845.webp 1500w, https:\/\/www.boogaerdthout.nl\/wp-content\/uploads\/2024\/09\/Lariks-Hollands-Hout-gevelbekleding-Project-Ameland-VII-705x397.webp 705w\" data-sizes=\"(max-width: 1030px) 100vw, 1030px\" data-rel='gallery-1' data-prev-img='https:\/\/www.boogaerdthout.nl\/wp-content\/uploads\/2024\/09\/Lariks-Hollands-Hout-gevelbekleding-Project-Ameland-VII-495x400.webp' class='lightbox' data-onclick='8' title=''  itemprop=\"thumbnailUrl\"  ><img decoding=\"async\" fetchpriority=\"high\" class=\"wp-image-4478 avia-img-lazy-loading-not-4478\"   src=\"https:\/\/www.boogaerdthout.nl\/wp-content\/uploads\/2024\/09\/Lariks-Hollands-Hout-gevelbekleding-Project-Ameland-VII-495x400.webp\" width=\"495\" height=\"400\"  title='L\u00e4rche Holl\u00e4ndisches Holzverkleidungsprojekt Ameland - VII' alt='' srcset=\"https:\/\/www.boogaerdthout.nl\/wp-content\/uploads\/2024\/09\/Lariks-Hollands-Hout-gevelbekleding-Project-Ameland-VII-495x400.webp 495w, https:\/\/www.boogaerdthout.nl\/wp-content\/uploads\/2024\/09\/Lariks-Hollands-Hout-gevelbekleding-Project-Ameland-VII-845x684.webp 845w\" sizes=\"(max-width: 495px) 100vw, 495px\" \/><div class='big-prev-fake'><img decoding=\"async\" loading=\"lazy\" class=\"wp-image-4478 avia-img-lazy-loading-4478\"  width=\"495\" height=\"400\" src=\"https:\/\/www.boogaerdthout.nl\/wp-content\/uploads\/2024\/09\/Lariks-Hollands-Hout-gevelbekleding-Project-Ameland-VII-495x400.webp\" title='L\u00e4rche Holl\u00e4ndisches Holzverkleidungsprojekt Ameland - VII' alt='' srcset=\"https:\/\/www.boogaerdthout.nl\/wp-content\/uploads\/2024\/09\/Lariks-Hollands-Hout-gevelbekleding-Project-Ameland-VII-495x400.webp 495w, https:\/\/www.boogaerdthout.nl\/wp-content\/uploads\/2024\/09\/Lariks-Hollands-Hout-gevelbekleding-Project-Ameland-VII-845x684.webp 845w\" sizes=\"auto, (max-width: 495px) 100vw, 495px\" \/><\/div><\/a><a href=\"https:\/\/www.boogaerdthout.nl\/wp-content\/uploads\/2024\/09\/Lariks-Hollands-Hout-gevelbekleding-Project-Ameland-VIII-577x1030.webp\" data-srcset=\"https:\/\/www.boogaerdthout.nl\/wp-content\/uploads\/2024\/09\/Lariks-Hollands-Hout-gevelbekleding-Project-Ameland-VIII-577x1030.webp 577w, https:\/\/www.boogaerdthout.nl\/wp-content\/uploads\/2024\/09\/Lariks-Hollands-Hout-gevelbekleding-Project-Ameland-VIII-168x300.webp 168w, https:\/\/www.boogaerdthout.nl\/wp-content\/uploads\/2024\/09\/Lariks-Hollands-Hout-gevelbekleding-Project-Ameland-VIII-768x1371.webp 768w, https:\/\/www.boogaerdthout.nl\/wp-content\/uploads\/2024\/09\/Lariks-Hollands-Hout-gevelbekleding-Project-Ameland-VIII-860x1536.webp 860w, https:\/\/www.boogaerdthout.nl\/wp-content\/uploads\/2024\/09\/Lariks-Hollands-Hout-gevelbekleding-Project-Ameland-VIII-1147x2048.webp 1147w, https:\/\/www.boogaerdthout.nl\/wp-content\/uploads\/2024\/09\/Lariks-Hollands-Hout-gevelbekleding-Project-Ameland-VIII-7x12.webp 7w, https:\/\/www.boogaerdthout.nl\/wp-content\/uploads\/2024\/09\/Lariks-Hollands-Hout-gevelbekleding-Project-Ameland-VIII-840x1500.webp 840w, https:\/\/www.boogaerdthout.nl\/wp-content\/uploads\/2024\/09\/Lariks-Hollands-Hout-gevelbekleding-Project-Ameland-VIII-395x705.webp 395w, https:\/\/www.boogaerdthout.nl\/wp-content\/uploads\/2024\/09\/Lariks-Hollands-Hout-gevelbekleding-Project-Ameland-VIII-scaled.webp 1434w\" data-sizes=\"(max-width: 577px) 100vw, 577px\" data-rel='gallery-1' data-prev-img='https:\/\/www.boogaerdthout.nl\/wp-content\/uploads\/2024\/09\/Lariks-Hollands-Hout-gevelbekleding-Project-Ameland-VIII-495x400.webp' class='lightbox' data-onclick='9' title=''  itemprop=\"thumbnailUrl\"  ><img decoding=\"async\" fetchpriority=\"high\" class=\"wp-image-4479 avia-img-lazy-loading-not-4479\"   src=\"https:\/\/www.boogaerdthout.nl\/wp-content\/uploads\/2024\/09\/Lariks-Hollands-Hout-gevelbekleding-Project-Ameland-VIII-495x400.webp\" width=\"495\" height=\"400\"  title='L\u00e4rche Holl\u00e4ndisches Holzverkleidungsprojekt Ameland - VIII' alt='' srcset=\"https:\/\/www.boogaerdthout.nl\/wp-content\/uploads\/2024\/09\/Lariks-Hollands-Hout-gevelbekleding-Project-Ameland-VIII-495x400.webp 495w, https:\/\/www.boogaerdthout.nl\/wp-content\/uploads\/2024\/09\/Lariks-Hollands-Hout-gevelbekleding-Project-Ameland-VIII-845x684.webp 845w\" sizes=\"(max-width: 495px) 100vw, 495px\" \/><div class='big-prev-fake'><img decoding=\"async\" loading=\"lazy\" class=\"wp-image-4479 avia-img-lazy-loading-4479\"  width=\"495\" height=\"400\" src=\"https:\/\/www.boogaerdthout.nl\/wp-content\/uploads\/2024\/09\/Lariks-Hollands-Hout-gevelbekleding-Project-Ameland-VIII-495x400.webp\" title='L\u00e4rche Holl\u00e4ndisches Holzverkleidungsprojekt Ameland - VIII' alt='' srcset=\"https:\/\/www.boogaerdthout.nl\/wp-content\/uploads\/2024\/09\/Lariks-Hollands-Hout-gevelbekleding-Project-Ameland-VIII-495x400.webp 495w, https:\/\/www.boogaerdthout.nl\/wp-content\/uploads\/2024\/09\/Lariks-Hollands-Hout-gevelbekleding-Project-Ameland-VIII-845x684.webp 845w\" sizes=\"auto, (max-width: 495px) 100vw, 495px\" \/><\/div><\/a><a href=\"https:\/\/www.boogaerdthout.nl\/wp-content\/uploads\/2024\/09\/Lariks-Hollands-Hout-gevelbekleding-Project-Ameland-X-1030x580.webp\" data-srcset=\"https:\/\/www.boogaerdthout.nl\/wp-content\/uploads\/2024\/09\/Lariks-Hollands-Hout-gevelbekleding-Project-Ameland-X-1030x580.webp 1030w, https:\/\/www.boogaerdthout.nl\/wp-content\/uploads\/2024\/09\/Lariks-Hollands-Hout-gevelbekleding-Project-Ameland-X-300x169.webp 300w, https:\/\/www.boogaerdthout.nl\/wp-content\/uploads\/2024\/09\/Lariks-Hollands-Hout-gevelbekleding-Project-Ameland-X-768x432.webp 768w, https:\/\/www.boogaerdthout.nl\/wp-content\/uploads\/2024\/09\/Lariks-Hollands-Hout-gevelbekleding-Project-Ameland-X-1536x865.webp 1536w, https:\/\/www.boogaerdthout.nl\/wp-content\/uploads\/2024\/09\/Lariks-Hollands-Hout-gevelbekleding-Project-Ameland-X-2048x1153.webp 2048w, https:\/\/www.boogaerdthout.nl\/wp-content\/uploads\/2024\/09\/Lariks-Hollands-Hout-gevelbekleding-Project-Ameland-X-18x10.webp 18w, https:\/\/www.boogaerdthout.nl\/wp-content\/uploads\/2024\/09\/Lariks-Hollands-Hout-gevelbekleding-Project-Ameland-X-1500x845.webp 1500w, https:\/\/www.boogaerdthout.nl\/wp-content\/uploads\/2024\/09\/Lariks-Hollands-Hout-gevelbekleding-Project-Ameland-X-705x397.webp 705w\" data-sizes=\"(max-width: 1030px) 100vw, 1030px\" data-rel='gallery-1' data-prev-img='https:\/\/www.boogaerdthout.nl\/wp-content\/uploads\/2024\/09\/Lariks-Hollands-Hout-gevelbekleding-Project-Ameland-X-495x400.webp' class='first_thumb lightbox' data-onclick='10' title=''  itemprop=\"thumbnailUrl\"  ><img decoding=\"async\" fetchpriority=\"high\" class=\"wp-image-4480 avia-img-lazy-loading-not-4480\"   src=\"https:\/\/www.boogaerdthout.nl\/wp-content\/uploads\/2024\/09\/Lariks-Hollands-Hout-gevelbekleding-Project-Ameland-X-495x400.webp\" width=\"495\" height=\"400\"  title='L\u00e4rche Holl\u00e4ndisches Holzverkleidungsprojekt Ameland - X' alt='' srcset=\"https:\/\/www.boogaerdthout.nl\/wp-content\/uploads\/2024\/09\/Lariks-Hollands-Hout-gevelbekleding-Project-Ameland-X-495x400.webp 495w, https:\/\/www.boogaerdthout.nl\/wp-content\/uploads\/2024\/09\/Lariks-Hollands-Hout-gevelbekleding-Project-Ameland-X-845x684.webp 845w\" sizes=\"(max-width: 495px) 100vw, 495px\" \/><div class='big-prev-fake'><img decoding=\"async\" loading=\"lazy\" class=\"wp-image-4480 avia-img-lazy-loading-4480\"  width=\"495\" height=\"400\" src=\"https:\/\/www.boogaerdthout.nl\/wp-content\/uploads\/2024\/09\/Lariks-Hollands-Hout-gevelbekleding-Project-Ameland-X-495x400.webp\" title='L\u00e4rche Holl\u00e4ndisches Holzverkleidungsprojekt Ameland - X' alt='' srcset=\"https:\/\/www.boogaerdthout.nl\/wp-content\/uploads\/2024\/09\/Lariks-Hollands-Hout-gevelbekleding-Project-Ameland-X-495x400.webp 495w, https:\/\/www.boogaerdthout.nl\/wp-content\/uploads\/2024\/09\/Lariks-Hollands-Hout-gevelbekleding-Project-Ameland-X-845x684.webp 845w\" sizes=\"auto, (max-width: 495px) 100vw, 495px\" \/><\/div><\/a><\/div><\/div><br \/>\n\n<style type=\"text\/css\" data-created_by=\"avia_inline_auto\" id=\"style-css-av-36o6ju-56e9704efa47e125aaf23cd42fea7368\">\n#top .hr.hr-invisible.av-36o6ju-56e9704efa47e125aaf23cd42fea7368{\nheight:55px;\n}\n<\/style>\n<div  class='hr av-36o6ju-56e9704efa47e125aaf23cd42fea7368 hr-invisible  avia-builder-el-6  el_after_av_gallery  el_before_av_button'><span class='hr-inner'><span class=\"hr-inner-style\"><\/span><\/span><\/div><br \/>\n<div  class='avia-button-wrap av-m1hrq3wu-d7405f3b644224206133aca6ed20303b-wrap avia-button-center  avia-builder-el-7  el_after_av_hr  el_before_av_social_share'><a href='https:\/\/www.boogaerdthout.nl\/de\/inspiration\/projekte\/'  class='avia-button av-m1hrq3wu-d7405f3b644224206133aca6ed20303b av-link-btn avia-icon_select-no avia-size-small avia-position-center avia-color-theme-color-subtle'   aria-label=\"Mehr Projekte sehen\"><span class='avia_iconbox_title' >Mehr Projekte sehen<\/span><\/a><\/div><br \/>\n<div  class='av-social-sharing-box av-m1hrre6u-a2ae6d88b1f4ed3ca229a4eaa9fdde92 av-social-sharing-box-default  avia-builder-el-8  el_after_av_button  avia-builder-el-last  av-social-sharing-box-fullwidth'><div class=\"av-share-box\"><h5 class='av-share-link-description av-no-toc'>Teilen Sie dieses Projekt<\/h5><ul class=\"av-share-box-list noLightbox\"><li class='av-share-link av-social-link-facebook avia_social_iconfont' ><a target=\"_blank\" aria-label=\"Auf Facebook teilen\" href='https:\/\/www.facebook.com\/sharer.php?u=https:\/\/www.boogaerdthout.nl\/de\/project\/project-lariks-hollands-hout-gevelbekleding-op-ameland\/&#038;t=Project%20Lariks%20Hollands%20Hout%20gevelbekleding%20op%20Ameland' data-av_icon='\ue8f3' data-av_iconfont='entypo-fontello'  title='' data-avia-related-tooltip='Teilen auf Facebook'><span class='avia_hidden_link_text'>Auf Facebook teilen<\/span><\/a><\/li><li class='av-share-link av-social-link-whatsapp avia_social_iconfont' ><a target=\"_blank\" aria-label=\"Auf WhatsApp teilen\" href='https:\/\/api.whatsapp.com\/send?text=https:\/\/www.boogaerdthout.nl\/de\/project\/project-lariks-hollands-hout-gevelbekleding-op-ameland\/' data-av_icon='\uf232' data-av_iconfont='entypo-fontello'  title='' data-avia-related-tooltip='Teilen auf WhatsApp'><span class='avia_hidden_link_text'>Auf WhatsApp teilen<\/span><\/a><\/li><li class='av-share-link av-social-link-linkedin avia_social_iconfont' ><a target=\"_blank\" aria-label=\"Auf LinkedIn teilen\" href='https:\/\/linkedin.com\/shareArticle?mini=true&#038;title=Project%20Lariks%20Hollands%20Hout%20gevelbekleding%20op%20Ameland&#038;url=https:\/\/www.boogaerdthout.nl\/de\/project\/project-lariks-hollands-hout-gevelbekleding-op-ameland\/' data-av_icon='\ue8fc' data-av_iconfont='entypo-fontello'  title='' data-avia-related-tooltip='Teilen auf LinkedIn'><span class='avia_hidden_link_text'>Auf LinkedIn teilen<\/span><\/a><\/li><li class='av-share-link av-social-link-mail avia_social_iconfont' ><a  aria-label=\"Per E-Mail\" href='mailto:?subject=Project%20Lariks%20Hollands%20Hout%20gevelbekleding%20op%20Ameland&#038;body=https:\/\/www.boogaerdthout.nl\/de\/project\/project-lariks-hollands-hout-gevelbekleding-op-ameland\/' data-av_icon='\ue805' data-av_iconfont='entypo-fontello'  title='' data-avia-related-tooltip='Per E-Mail teilen'><span class='avia_hidden_link_text'>Per E-Mail<\/span><\/a><\/li><\/ul><\/div><\/div><\/p><\/div><div  class='flex_column av-47hub8-d6af1c9461a7deb47417f4fc1016a72e av_one_third  avia-builder-el-9  el_after_av_two_third  avia-builder-el-last  flex_column_div'     ><div  class='avia-builder-widget-area clearfix  avia-builder-el-10  avia-builder-el-no-sibling'><section id=\"avia_auto_toc-2\" class=\"widget clearfix avia-widget-container avia_auto_toc avia_no_block_preview\"><div class=\"avia-preview-headline\">Enfold Child-Inhaltsverzeichnis<\/div><div class=\"avia-preview-info\">Titel: Seiteninhalt<\/div><div class=\"avia-preview-in-front\">Die Tabelle kann nur im Frontend gerendert werden.<\/div><span class=\"seperator extralight-border\"><\/span><\/section><section id=\"text-7\" class=\"widget clearfix widget_text\"><h3 class=\"widgettitle\">Mehr Informationen<\/h3>\t\t\t<div class=\"textwidget\"><ul>\n<li><a href=\"https:\/\/www.boogaerdthout.nl\/de\/inspiration\/wissensbasis\/\">Wissensbasis<\/a><\/li>\n<li><a href=\"https:\/\/www.boogaerdthout.nl\/de\/uber-uns\/downloads\/\">Herunterladen<\/a><\/li>\n<li><a href=\"https:\/\/www.boogaerdthout.nl\/de\/inspiration\/projekte\/\">Projekte<\/a><\/li>\n<li><a href=\"https:\/\/www.boogaerdthout.nl\/de\/fassadenverkleidungsprofile\/\">Profile f\u00fcr Fassadenverkleidung<\/a><\/li>\n<li><a href=\"https:\/\/www.boogaerdthout.nl\/de\/profile-terrassendielen\/\">Terrassenprofile<\/a><\/li>\n<li><a href=\"https:\/\/www.boogaerdthout.nl\/de\/uber-uns\/behandlungen-von-holz\/\">Holzbehandlungen<\/a><\/li>\n<\/ul>\n<\/div>\n\t\t<span class=\"seperator extralight-border\"><\/span><\/section><section id=\"custom_html-2\" class=\"widget_text widget clearfix widget_custom_html\"><h3 class=\"widgettitle\">Stell deine Frage<\/h3><div class=\"textwidget custom-html-widget\">\n\n\t\t\n\t    \t    \n        <div class=\"cta-foto\">\n            <img decoding=\"async\" loading=\"lazy\" width=\"600\" height=\"600\" src=\"https:\/\/www.boogaerdthout.nl\/wp-content\/uploads\/2023\/08\/Boogaerdt-personeel-lars-bastiaansen.jpg\" class=\"wp-image-1822 avia-img-lazy-loading-1822 attachment-post-thumbnail size-post-thumbnail wp-post-image\" alt=\"Lars Bastiaansen\" srcset=\"https:\/\/www.boogaerdthout.nl\/wp-content\/uploads\/2023\/08\/Boogaerdt-personeel-lars-bastiaansen.jpg 600w, https:\/\/www.boogaerdthout.nl\/wp-content\/uploads\/2023\/08\/Boogaerdt-personeel-lars-bastiaansen-300x300.jpg 300w, https:\/\/www.boogaerdthout.nl\/wp-content\/uploads\/2023\/08\/Boogaerdt-personeel-lars-bastiaansen-80x80.jpg 80w, https:\/\/www.boogaerdthout.nl\/wp-content\/uploads\/2023\/08\/Boogaerdt-personeel-lars-bastiaansen-36x36.jpg 36w, https:\/\/www.boogaerdthout.nl\/wp-content\/uploads\/2023\/08\/Boogaerdt-personeel-lars-bastiaansen-180x180.jpg 180w\" sizes=\"auto, (max-width: 600px) 100vw, 600px\" \/>        <\/div>\n        <div class=\"cta-info\">\n            <p>Lars Bastiaansen<\/p>\n            <p class=\"functie\">Verkaufsleiter<\/p>\n            <p>0180-551 552<\/p>\n            <a href=\"\/de\/kontakt\/\" class=\"avia-button avia-icon_select-no avia-size-small btn-side avia-position-left avia-color-theme-color\"><span class=\"avia_iconbox_title\">Eine Nachricht schicken<\/span><\/a>\n        <\/div>\n        \n\t\t\n\t\t\n<\/div><span class=\"seperator extralight-border\"><\/span><\/section><section id=\"text-2\" class=\"widget clearfix widget_text\">\t\t\t<div class=\"textwidget\"><div class=\"artikelen\">\n<h4>Zeitungsartikel<\/h4>\n<p>\t\t\t\t\t\t\t<a href=\"https:\/\/www.boogaerdthout.nl\/de\/2026\/04\/02\/hr-medewerker\/\">\t<\/p>\n<div class=\"wrapper\">\n                <img decoding=\"async\" loading=\"lazy\" width=\"1707\" height=\"1707\" src=\"https:\/\/www.boogaerdthout.nl\/wp-content\/uploads\/2026\/04\/Overleg-Accoya-scaled-e1775138458513.jpg\" class=\"wp-image-5509 avia-img-lazy-loading-5509 attachment-post-thumbnail size-post-thumbnail wp-post-image\" alt=\"\" srcset=\"https:\/\/www.boogaerdthout.nl\/wp-content\/uploads\/2026\/04\/Overleg-Accoya-scaled-e1775138458513.jpg 1707w, https:\/\/www.boogaerdthout.nl\/wp-content\/uploads\/2026\/04\/Overleg-Accoya-scaled-e1775138458513-300x300.jpg 300w, https:\/\/www.boogaerdthout.nl\/wp-content\/uploads\/2026\/04\/Overleg-Accoya-scaled-e1775138458513-1030x1030.jpg 1030w, https:\/\/www.boogaerdthout.nl\/wp-content\/uploads\/2026\/04\/Overleg-Accoya-scaled-e1775138458513-80x80.jpg 80w, https:\/\/www.boogaerdthout.nl\/wp-content\/uploads\/2026\/04\/Overleg-Accoya-scaled-e1775138458513-768x768.jpg 768w, https:\/\/www.boogaerdthout.nl\/wp-content\/uploads\/2026\/04\/Overleg-Accoya-scaled-e1775138458513-1536x1536.jpg 1536w, https:\/\/www.boogaerdthout.nl\/wp-content\/uploads\/2026\/04\/Overleg-Accoya-scaled-e1775138458513-12x12.jpg 12w, https:\/\/www.boogaerdthout.nl\/wp-content\/uploads\/2026\/04\/Overleg-Accoya-scaled-e1775138458513-36x36.jpg 36w, https:\/\/www.boogaerdthout.nl\/wp-content\/uploads\/2026\/04\/Overleg-Accoya-scaled-e1775138458513-180x180.jpg 180w, https:\/\/www.boogaerdthout.nl\/wp-content\/uploads\/2026\/04\/Overleg-Accoya-scaled-e1775138458513-1500x1500.jpg 1500w, https:\/\/www.boogaerdthout.nl\/wp-content\/uploads\/2026\/04\/Overleg-Accoya-scaled-e1775138458513-705x705.jpg 705w, https:\/\/www.boogaerdthout.nl\/wp-content\/uploads\/2026\/04\/Overleg-Accoya-scaled-e1775138458513-400x400.jpg 400w, https:\/\/www.boogaerdthout.nl\/wp-content\/uploads\/2026\/04\/Overleg-Accoya-scaled-e1775138458513-600x600.jpg 600w\" sizes=\"auto, (max-width: 1707px) 100vw, 1707px\" \/>\t\t\t\t<\/p>\n<div class=\"artikel-content\">\n<p>Personalmitarbeiter (24-32 Stunden)<\/p>\n<\/div><\/div>\n<p>        <\/a><br \/>\n\t\t\t\t\t\t\t<a href=\"https:\/\/www.boogaerdthout.nl\/de\/2026\/03\/12\/5416\/\">\t<\/p>\n<div class=\"wrapper\">\n                <img decoding=\"async\" loading=\"lazy\" width=\"1195\" height=\"1195\" src=\"https:\/\/www.boogaerdthout.nl\/wp-content\/uploads\/2026\/02\/Billinga-B-fix-scaled-e1771580756663.png\" class=\"wp-image-5380 avia-img-lazy-loading-5380 attachment-post-thumbnail size-post-thumbnail wp-post-image\" alt=\"\" srcset=\"https:\/\/www.boogaerdthout.nl\/wp-content\/uploads\/2026\/02\/Billinga-B-fix-scaled-e1771580756663.png 1195w, https:\/\/www.boogaerdthout.nl\/wp-content\/uploads\/2026\/02\/Billinga-B-fix-scaled-e1771580756663-300x300.png 300w, https:\/\/www.boogaerdthout.nl\/wp-content\/uploads\/2026\/02\/Billinga-B-fix-scaled-e1771580756663-1030x1030.png 1030w, https:\/\/www.boogaerdthout.nl\/wp-content\/uploads\/2026\/02\/Billinga-B-fix-scaled-e1771580756663-80x80.png 80w, https:\/\/www.boogaerdthout.nl\/wp-content\/uploads\/2026\/02\/Billinga-B-fix-scaled-e1771580756663-768x768.png 768w, https:\/\/www.boogaerdthout.nl\/wp-content\/uploads\/2026\/02\/Billinga-B-fix-scaled-e1771580756663-12x12.png 12w, https:\/\/www.boogaerdthout.nl\/wp-content\/uploads\/2026\/02\/Billinga-B-fix-scaled-e1771580756663-36x36.png 36w, https:\/\/www.boogaerdthout.nl\/wp-content\/uploads\/2026\/02\/Billinga-B-fix-scaled-e1771580756663-180x180.png 180w, https:\/\/www.boogaerdthout.nl\/wp-content\/uploads\/2026\/02\/Billinga-B-fix-scaled-e1771580756663-705x705.png 705w, https:\/\/www.boogaerdthout.nl\/wp-content\/uploads\/2026\/02\/Billinga-B-fix-scaled-e1771580756663-400x400.png 400w, https:\/\/www.boogaerdthout.nl\/wp-content\/uploads\/2026\/02\/Billinga-B-fix-scaled-e1771580756663-600x600.png 600w\" sizes=\"auto, (max-width: 1195px) 100vw, 1195px\" \/>\t\t\t\t<\/p>\n<div class=\"artikel-content\">\n<p>Die Terrassensaison ist er\u00f6ffnet<\/p>\n<\/div><\/div>\n<p>        <\/a><br \/>\n\t\t\t\t\t\t\t<a href=\"https:\/\/www.boogaerdthout.nl\/de\/2026\/03\/08\/stage-marketing\/\">\t<\/p>\n<div class=\"wrapper\">\n                <img decoding=\"async\" loading=\"lazy\" width=\"1024\" height=\"1024\" src=\"https:\/\/www.boogaerdthout.nl\/wp-content\/uploads\/2026\/04\/Gemini_Generated_Image_kpybh0kpybh0kpyb.png\" class=\"wp-image-5517 avia-img-lazy-loading-5517 attachment-post-thumbnail size-post-thumbnail wp-post-image\" alt=\"\" srcset=\"https:\/\/www.boogaerdthout.nl\/wp-content\/uploads\/2026\/04\/Gemini_Generated_Image_kpybh0kpybh0kpyb.png 1024w, https:\/\/www.boogaerdthout.nl\/wp-content\/uploads\/2026\/04\/Gemini_Generated_Image_kpybh0kpybh0kpyb-300x300.png 300w, https:\/\/www.boogaerdthout.nl\/wp-content\/uploads\/2026\/04\/Gemini_Generated_Image_kpybh0kpybh0kpyb-80x80.png 80w, https:\/\/www.boogaerdthout.nl\/wp-content\/uploads\/2026\/04\/Gemini_Generated_Image_kpybh0kpybh0kpyb-768x768.png 768w, https:\/\/www.boogaerdthout.nl\/wp-content\/uploads\/2026\/04\/Gemini_Generated_Image_kpybh0kpybh0kpyb-12x12.png 12w, https:\/\/www.boogaerdthout.nl\/wp-content\/uploads\/2026\/04\/Gemini_Generated_Image_kpybh0kpybh0kpyb-36x36.png 36w, https:\/\/www.boogaerdthout.nl\/wp-content\/uploads\/2026\/04\/Gemini_Generated_Image_kpybh0kpybh0kpyb-180x180.png 180w, https:\/\/www.boogaerdthout.nl\/wp-content\/uploads\/2026\/04\/Gemini_Generated_Image_kpybh0kpybh0kpyb-705x705.png 705w\" sizes=\"auto, (max-width: 1024px) 100vw, 1024px\" \/>\t\t\t\t<\/p>\n<div class=\"artikel-content\">\n<p>Praktikum im Bereich Marketing &amp; Vertrieb<\/p>\n<\/div><\/div>\n<p>        <\/a><\/p><\/div>\n<\/div>\n\t\t<span class=\"seperator extralight-border\"><\/span><\/section><\/div><\/div><\/p>","protected":false},"featured_media":4478,"template":"","class_list":["post-4470","project","type-project","status-publish","has-post-thumbnail","hentry"],"acf":[],"yoast_head":"<!-- This site is optimized with the Yoast SEO plugin v27.5 - https:\/\/yoast.com\/product\/yoast-seo-wordpress\/ -->\n<title>Project Lariks Hollands Hout gevelbekleding op Ameland - Boogaerdt Hout<\/title>\n<meta name=\"description\" content=\"Lariks Hollands Hout gevelbekleding bij toiletgebouw op natuurcamping. De toegepaste kleur is dekkend zwart met speciale metallic toevoeging.\" \/>\n<meta name=\"robots\" content=\"index, follow, max-snippet:-1, max-image-preview:large, max-video-preview:-1\" \/>\n<link rel=\"canonical\" href=\"https:\/\/www.boogaerdthout.nl\/de\/projekt\/projekt-larchenholzverkleidung-auf-ameland\/\" \/>\n<meta property=\"og:locale\" content=\"de_DE\" \/>\n<meta property=\"og:type\" content=\"article\" \/>\n<meta property=\"og:title\" content=\"Project Lariks Hollands Hout gevelbekleding op Ameland - Boogaerdt Hout\" \/>\n<meta property=\"og:description\" content=\"Lariks Hollands Hout gevelbekleding bij toiletgebouw op natuurcamping. De toegepaste kleur is dekkend zwart met speciale metallic toevoeging.\" \/>\n<meta property=\"og:url\" content=\"https:\/\/www.boogaerdthout.nl\/de\/projekt\/projekt-larchenholzverkleidung-auf-ameland\/\" \/>\n<meta property=\"og:site_name\" content=\"Boogaerdt Hout\" \/>\n<meta property=\"article:modified_time\" content=\"2024-10-31T13:35:06+00:00\" \/>\n<meta property=\"og:image\" content=\"https:\/\/www.boogaerdthout.nl\/wp-content\/uploads\/2024\/09\/Lariks-Hollands-Hout-gevelbekleding-Project-Ameland-VII-1030x580.webp\" \/>\n\t<meta property=\"og:image:width\" content=\"1030\" \/>\n\t<meta property=\"og:image:height\" content=\"580\" \/>\n\t<meta property=\"og:image:type\" content=\"image\/webp\" \/>\n<meta name=\"twitter:label1\" content=\"Gesch\u00e4tzte Lesezeit\" \/>\n\t<meta name=\"twitter:data1\" content=\"6\u00a0Minuten\" \/>\n<script type=\"application\/ld+json\" class=\"yoast-schema-graph\">{\"@context\":\"https:\\\/\\\/schema.org\",\"@graph\":[{\"@type\":\"WebPage\",\"@id\":\"https:\\\/\\\/www.boogaerdthout.nl\\\/project\\\/project-lariks-hollands-hout-gevelbekleding-op-ameland\\\/\",\"url\":\"https:\\\/\\\/www.boogaerdthout.nl\\\/project\\\/project-lariks-hollands-hout-gevelbekleding-op-ameland\\\/\",\"name\":\"Project Lariks Hollands Hout gevelbekleding op Ameland - Boogaerdt Hout\",\"isPartOf\":{\"@id\":\"https:\\\/\\\/www.boogaerdthout.nl\\\/#website\"},\"primaryImageOfPage\":{\"@id\":\"https:\\\/\\\/www.boogaerdthout.nl\\\/project\\\/project-lariks-hollands-hout-gevelbekleding-op-ameland\\\/#primaryimage\"},\"image\":{\"@id\":\"https:\\\/\\\/www.boogaerdthout.nl\\\/project\\\/project-lariks-hollands-hout-gevelbekleding-op-ameland\\\/#primaryimage\"},\"thumbnailUrl\":\"https:\\\/\\\/www.boogaerdthout.nl\\\/wp-content\\\/uploads\\\/2024\\\/09\\\/Lariks-Hollands-Hout-gevelbekleding-Project-Ameland-VII-scaled.webp\",\"datePublished\":\"2024-06-26T12:08:23+00:00\",\"dateModified\":\"2024-10-31T13:35:06+00:00\",\"description\":\"Lariks Hollands Hout gevelbekleding bij toiletgebouw op natuurcamping. De toegepaste kleur is dekkend zwart met speciale metallic toevoeging.\",\"breadcrumb\":{\"@id\":\"https:\\\/\\\/www.boogaerdthout.nl\\\/project\\\/project-lariks-hollands-hout-gevelbekleding-op-ameland\\\/#breadcrumb\"},\"inLanguage\":\"de\",\"potentialAction\":[{\"@type\":\"ReadAction\",\"target\":[\"https:\\\/\\\/www.boogaerdthout.nl\\\/project\\\/project-lariks-hollands-hout-gevelbekleding-op-ameland\\\/\"]}]},{\"@type\":\"ImageObject\",\"inLanguage\":\"de\",\"@id\":\"https:\\\/\\\/www.boogaerdthout.nl\\\/project\\\/project-lariks-hollands-hout-gevelbekleding-op-ameland\\\/#primaryimage\",\"url\":\"https:\\\/\\\/www.boogaerdthout.nl\\\/wp-content\\\/uploads\\\/2024\\\/09\\\/Lariks-Hollands-Hout-gevelbekleding-Project-Ameland-VII-scaled.webp\",\"contentUrl\":\"https:\\\/\\\/www.boogaerdthout.nl\\\/wp-content\\\/uploads\\\/2024\\\/09\\\/Lariks-Hollands-Hout-gevelbekleding-Project-Ameland-VII-scaled.webp\",\"width\":2560,\"height\":1442},{\"@type\":\"BreadcrumbList\",\"@id\":\"https:\\\/\\\/www.boogaerdthout.nl\\\/project\\\/project-lariks-hollands-hout-gevelbekleding-op-ameland\\\/#breadcrumb\",\"itemListElement\":[{\"@type\":\"ListItem\",\"position\":1,\"name\":\"Home\",\"item\":\"https:\\\/\\\/www.boogaerdthout.nl\\\/home-2\\\/\"},{\"@type\":\"ListItem\",\"position\":2,\"name\":\"Project Lariks Hollands Hout gevelbekleding op Ameland\"}]},{\"@type\":\"WebSite\",\"@id\":\"https:\\\/\\\/www.boogaerdthout.nl\\\/#website\",\"url\":\"https:\\\/\\\/www.boogaerdthout.nl\\\/\",\"name\":\"Boogaerdt Hout\",\"description\":\"Koninklijke houthandel Boogaerdt B.V.\",\"potentialAction\":[{\"@type\":\"SearchAction\",\"target\":{\"@type\":\"EntryPoint\",\"urlTemplate\":\"https:\\\/\\\/www.boogaerdthout.nl\\\/?s={search_term_string}\"},\"query-input\":{\"@type\":\"PropertyValueSpecification\",\"valueRequired\":true,\"valueName\":\"search_term_string\"}}],\"inLanguage\":\"de\"}]}<\/script>\n<!-- \/ Yoast SEO plugin. -->","yoast_head_json":{"title":"Projekt Larch Dutch Wood Fassadenverkleidung auf Ameland \u2013 Boogaerdt Hout","description":"L\u00e4rchenholzverkleidung am Toilettengeb\u00e4ude auf einem Naturcampingplatz. Die verwendete Farbe ist deckendes Schwarz mit einem speziellen metallischen Zusatz.","robots":{"index":"index","follow":"follow","max-snippet":"max-snippet:-1","max-image-preview":"max-image-preview:large","max-video-preview":"max-video-preview:-1"},"canonical":"https:\/\/www.boogaerdthout.nl\/de\/projekt\/projekt-larchenholzverkleidung-auf-ameland\/","og_locale":"de_DE","og_type":"article","og_title":"Project Lariks Hollands Hout gevelbekleding op Ameland - Boogaerdt Hout","og_description":"Lariks Hollands Hout gevelbekleding bij toiletgebouw op natuurcamping. De toegepaste kleur is dekkend zwart met speciale metallic toevoeging.","og_url":"https:\/\/www.boogaerdthout.nl\/de\/projekt\/projekt-larchenholzverkleidung-auf-ameland\/","og_site_name":"Boogaerdt Hout","article_modified_time":"2024-10-31T13:35:06+00:00","og_image":[{"width":1030,"height":580,"url":"https:\/\/www.boogaerdthout.nl\/wp-content\/uploads\/2024\/09\/Lariks-Hollands-Hout-gevelbekleding-Project-Ameland-VII-1030x580.webp","type":"image\/webp"}],"twitter_misc":{"Gesch\u00e4tzte Lesezeit":"6\u00a0Minuten"},"schema":{"@context":"https:\/\/schema.org","@graph":[{"@type":"WebPage","@id":"https:\/\/www.boogaerdthout.nl\/project\/project-lariks-hollands-hout-gevelbekleding-op-ameland\/","url":"https:\/\/www.boogaerdthout.nl\/project\/project-lariks-hollands-hout-gevelbekleding-op-ameland\/","name":"Projekt Larch Dutch Wood Fassadenverkleidung auf Ameland \u2013 Boogaerdt Hout","isPartOf":{"@id":"https:\/\/www.boogaerdthout.nl\/#website"},"primaryImageOfPage":{"@id":"https:\/\/www.boogaerdthout.nl\/project\/project-lariks-hollands-hout-gevelbekleding-op-ameland\/#primaryimage"},"image":{"@id":"https:\/\/www.boogaerdthout.nl\/project\/project-lariks-hollands-hout-gevelbekleding-op-ameland\/#primaryimage"},"thumbnailUrl":"https:\/\/www.boogaerdthout.nl\/wp-content\/uploads\/2024\/09\/Lariks-Hollands-Hout-gevelbekleding-Project-Ameland-VII-scaled.webp","datePublished":"2024-06-26T12:08:23+00:00","dateModified":"2024-10-31T13:35:06+00:00","description":"L\u00e4rchenholzverkleidung am Toilettengeb\u00e4ude auf einem Naturcampingplatz. Die verwendete Farbe ist deckendes Schwarz mit einem speziellen metallischen Zusatz.","breadcrumb":{"@id":"https:\/\/www.boogaerdthout.nl\/project\/project-lariks-hollands-hout-gevelbekleding-op-ameland\/#breadcrumb"},"inLanguage":"de","potentialAction":[{"@type":"ReadAction","target":["https:\/\/www.boogaerdthout.nl\/project\/project-lariks-hollands-hout-gevelbekleding-op-ameland\/"]}]},{"@type":"ImageObject","inLanguage":"de","@id":"https:\/\/www.boogaerdthout.nl\/project\/project-lariks-hollands-hout-gevelbekleding-op-ameland\/#primaryimage","url":"https:\/\/www.boogaerdthout.nl\/wp-content\/uploads\/2024\/09\/Lariks-Hollands-Hout-gevelbekleding-Project-Ameland-VII-scaled.webp","contentUrl":"https:\/\/www.boogaerdthout.nl\/wp-content\/uploads\/2024\/09\/Lariks-Hollands-Hout-gevelbekleding-Project-Ameland-VII-scaled.webp","width":2560,"height":1442},{"@type":"BreadcrumbList","@id":"https:\/\/www.boogaerdthout.nl\/project\/project-lariks-hollands-hout-gevelbekleding-op-ameland\/#breadcrumb","itemListElement":[{"@type":"ListItem","position":1,"name":"Home","item":"https:\/\/www.boogaerdthout.nl\/home-2\/"},{"@type":"ListItem","position":2,"name":"Project Lariks Hollands Hout gevelbekleding op Ameland"}]},{"@type":"WebSite","@id":"https:\/\/www.boogaerdthout.nl\/#website","url":"https:\/\/www.boogaerdthout.nl\/","name":"Boogaerdt Hout","description":"Koninklijke houthandel Boogaerdt BV","potentialAction":[{"@type":"SearchAction","target":{"@type":"EntryPoint","urlTemplate":"https:\/\/www.boogaerdthout.nl\/?s={search_term_string}"},"query-input":{"@type":"PropertyValueSpecification","valueRequired":true,"valueName":"search_term_string"}}],"inLanguage":"de"}]}},"_links":{"self":[{"href":"https:\/\/www.boogaerdthout.nl\/de\/wp-json\/wp\/v2\/project\/4470","targetHints":{"allow":["GET"]}}],"collection":[{"href":"https:\/\/www.boogaerdthout.nl\/de\/wp-json\/wp\/v2\/project"}],"about":[{"href":"https:\/\/www.boogaerdthout.nl\/de\/wp-json\/wp\/v2\/types\/project"}],"wp:featuredmedia":[{"embeddable":true,"href":"https:\/\/www.boogaerdthout.nl\/de\/wp-json\/wp\/v2\/media\/4478"}],"wp:attachment":[{"href":"https:\/\/www.boogaerdthout.nl\/de\/wp-json\/wp\/v2\/media?parent=4470"}],"curies":[{"name":"wp","href":"https:\/\/api.w.org\/{rel}","templated":true}]}}