{"id":732,"date":"2023-06-27T16:47:49","date_gmt":"2023-06-27T14:47:49","guid":{"rendered":"https:\/\/boogaerdthout.bonsaidev.nl\/?post_type=houtsoort&#038;p=732"},"modified":"2026-04-10T09:43:48","modified_gmt":"2026-04-10T07:43:48","slug":"thermofrake","status":"publish","type":"houtsoort","link":"https:\/\/www.boogaerdthout.nl\/de\/houtsoort\/thermo-frake\/","title":{"rendered":"Thermo Frak\u00e9"},"content":{"rendered":"<div id='av-layout-grid-1'  class='av-layout-grid-container av-ibkkks-288b203be0c5a2f170785f7323525e64 entry-content-wrapper main_color av-flex-cells  avia-builder-el-0  el_before_av_section  avia-builder-el-first   container_wrap sidebar_right'  >\n\n<style type=\"text\/css\" data-created_by=\"avia_inline_auto\" id=\"style-css-av-i5cdl8-31c7cda639fdc1aceee627bf80d09494\">\n.flex_cell.av-i5cdl8-31c7cda639fdc1aceee627bf80d09494{\nvertical-align:middle;\nheight:580px;\nmin-height:580px;\nbackground-color:#004629;\n}\n.responsive #top #wrap_all .flex_cell.av-i5cdl8-31c7cda639fdc1aceee627bf80d09494{\npadding:2% 2% 2% 2% !important;\n}\n\n@media only screen and (min-width: 480px) and (max-width: 767px){ \n.responsive #top #wrap_all .flex_cell.av-i5cdl8-31c7cda639fdc1aceee627bf80d09494{\npadding:40px 40px 40px 40px !important;\n}\n}\n\n@media only screen and (max-width: 479px){ \n.responsive #top #wrap_all .flex_cell.av-i5cdl8-31c7cda639fdc1aceee627bf80d09494{\npadding:40px 40px 40px 40px !important;\n}\n}\n<\/style>\n<div class='flex_cell av-i5cdl8-31c7cda639fdc1aceee627bf80d09494 av-gridrow-cell av_one_half no_margin  avia-builder-el-1  el_before_av_cell_one_half  avia-builder-el-first  banner-tekst content-align-middle'  ><div class='flex_cell_inner'>\n<style type=\"text\/css\" data-created_by=\"avia_inline_auto\" id=\"style-css-av-ljeegndu-aee167ac66117476614f1ec83e48d736\">\n#top .av_textblock_section.av-ljeegndu-aee167ac66117476614f1ec83e48d736 .avia_textblock{\nfont-size:22px;\ncolor:#ffffff;\n}\n<\/style>\n<section  class='av_textblock_section av-ljeegndu-aee167ac66117476614f1ec83e48d736'   itemscope=\"itemscope\" itemtype=\"https:\/\/schema.org\/CreativeWork\" ><div class='avia_textblock av_inherit_color'  itemprop=\"text\" ><h1>Thermo Frak\u00e9<\/h1>\n<p>Entdecken Sie die Sch\u00f6nheit von Thermo Frak\u00e9, einem luxuri\u00f6sen exotischen Holz mit einer wundersch\u00f6nen braunen Farbe. Diese nachhaltige Holzart eignet sich hervorragend f\u00fcr Fassadenverkleidungen und Innenanwendungen. Mit seinem nat\u00fcrlichen Aussehen und den umweltfreundlichen Eigenschaften ist diese Holzart die ideale Wahl f\u00fcr stilvolle und verantwortungsvolle Projekte.<\/p>\n<\/div><\/section><br \/>\n<div  class='avia-button-wrap av-lyo5pdd5-a34e3029e31897ef2b77a179d7cbfe9c-wrap avia-button-left  avia-builder-el-3  el_after_av_textblock  avia-builder-el-last'><a href='https:\/\/www.boogaerdthout.nl\/de\/short-contact\/'  class='avia-button av-lyo5pdd5-a34e3029e31897ef2b77a179d7cbfe9c av-link-btn avia-icon_select-no avia-size-small avia-position-left avia-color-theme-color-subtle'   aria-label=\"kontaktiere mich\"><span class='avia_iconbox_title' >kontaktiere mich<\/span><\/a><\/div><\/p>\n<\/div><\/div>\n<style type=\"text\/css\" data-created_by=\"avia_inline_auto\" id=\"style-css-av-i0ohlw-07d8352eb8d6dc6dca0e9aed090130ae\">\n.flex_cell.av-i0ohlw-07d8352eb8d6dc6dca0e9aed090130ae{\nvertical-align:middle;\nheight:580px;\nmin-height:580px;\nbackground:url(https:\/\/www.boogaerdthout.nl\/wp-content\/uploads\/2023\/08\/Boogaerdt-header-houtsoort-thermo-frake.jpg) 50% 50% no-repeat scroll ;\n}\n.responsive #top #wrap_all .flex_cell.av-i0ohlw-07d8352eb8d6dc6dca0e9aed090130ae{\npadding:60px 60px 60px 60px !important;\n}\n<\/style>\n<div class='flex_cell av-i0ohlw-07d8352eb8d6dc6dca0e9aed090130ae av-gridrow-cell av_one_half no_margin  avia-builder-el-4  el_after_av_cell_one_half  avia-builder-el-last  banner-foto content-align-middle avia-full-stretch'  ><div class='flex_cell_inner'>\n<style type=\"text\/css\" data-created_by=\"avia_inline_auto\" id=\"style-css-av-hq7wic-95879b625ea0bcbdf5033336d2891189\">\n.flex_column.av-hq7wic-95879b625ea0bcbdf5033336d2891189{\nborder-width:1px;\nborder-color:#ffffff;\nborder-style:solid;\npadding:370px 30px 30px 30px;\n}\n<\/style>\n<div  class='flex_column av-hq7wic-95879b625ea0bcbdf5033336d2891189 av_one_half  avia-builder-el-5  avia-builder-el-no-sibling  first flex_column_div'     ><section  class='av_textblock_section av-hnewpg-893583235d59e8476a072da8d8d45b38'   itemscope=\"itemscope\" itemtype=\"https:\/\/schema.org\/CreativeWork\" ><div class='avia_textblock toepassing-logo'  itemprop=\"text\" ><p><img loading=\"lazy\" decoding=\"async\" class=\"alignnone wp-image-608\" src=\"https:\/\/www.boogaerdthout.nl\/wp-content\/uploads\/2023\/07\/thermo-frake.png\" alt=\"\" width=\"163\" height=\"57\" \/><\/p>\n<\/div><\/section><\/div>\n<\/div><\/div>\n<\/div>\n<div id='av_section_1'  class='avia-section av-hdr2bw-4cebdb3223fb0c40c661a194c758570c main_color avia-section-large avia-no-border-styling  avia-builder-el-7  el_after_av_layout_row  el_before_av_section  avia-bg-style-scroll container_wrap sidebar_right'  ><div class='container av-section-cont-open' ><div class='template-page content  av-content-small alpha units'><div class='post-entry post-entry-type-page post-entry-732'><div class='entry-content-wrapper clearfix'>\n\n<style type=\"text\/css\" data-created_by=\"avia_inline_auto\" id=\"style-css-av-h8g76s-187e64f9f6df12f940e1fa5e5ed0af84\">\n.flex_column.av-h8g76s-187e64f9f6df12f940e1fa5e5ed0af84{\npadding:0 60px 0 0;\n}\n<\/style>\n<div  class='flex_column av-h8g76s-187e64f9f6df12f940e1fa5e5ed0af84 av_two_third  avia-builder-el-8  el_before_av_one_third  avia-builder-el-first  padding-blok first no_margin flex_column_div'     ><section  class='av_textblock_section av-1pw37o-fbe04e9de877f14e3db946a1b1fb5ecc'   itemscope=\"itemscope\" itemtype=\"https:\/\/schema.org\/CreativeWork\" ><div class='avia_textblock'  itemprop=\"text\" ><h2>Fassadenverkleidung oder Lamellen<\/h2>\n<p>Thermo Frak\u00e9 bietet die nat\u00fcrliche Variante 100% f\u00fcr die Verkleidung an und ist damit eine sch\u00f6ne Wahl f\u00fcr Ihre Fassade. Das Holz verf\u00fcgt \u00fcber hervorragende Isoliereigenschaften, ist resistent gegen Schimmel und Holzf\u00e4ule und bleibt sehr formstabil. Dadurch eignet es sich hervorragend f\u00fcr offene Verkleidungen oder Lamellen. Dar\u00fcber hinaus eignet sich Thermo Frak\u00e9 zur Verkleidung von Lagerfl\u00e4chen, L\u00e4rmschutzw\u00e4nden und anderen W\u00e4nden. Aufgrund seiner hohen Strapazierf\u00e4higkeit und Stabilit\u00e4t kann es unbehandelt problemlos als Fassadenverkleidung verwendet werden. Durch die nat\u00fcrliche Alterung nimmt das Holz mit der Zeit ein sch\u00f6nes hellgraues Aussehen an. F\u00fcr zus\u00e4tzliche Optionen stehen auch verschiedene Beizsysteme in unterschiedlichen Farben und Schattierungen zur Verf\u00fcgung. Dank des thermischen Modifizierungsverfahrens \u00fcberzeugt Thermo Frak\u00e9 mit der Haltbarkeitsklasse 1-2 und einer Lebenserwartung von mindestens 25 Jahren.<\/p>\n<ul>\n<li>Haltbarkeitsklasse 1-2<\/li>\n<li>Modifikation ist durch und durch<\/li>\n<li>Formstabil<\/li>\n<li>Auch FSC-zertifiziert erh\u00e4ltlich<\/li>\n<li>Umweltfreundlich<\/li>\n<li>Die Zeichnung enth\u00e4lt manchmal schwarze Linien und L\u00f6cher (Nadell\u00f6cher).<\/li>\n<\/ul>\n<\/div><\/section><br \/>\n\n<style type=\"text\/css\" data-created_by=\"avia_inline_auto\" id=\"style-css-av-luqohvji-e008e1bde662a9fe2d9530e9be566dcc\">\n#top .avia-gallery.av-luqohvji-e008e1bde662a9fe2d9530e9be566dcc .avia-gallery-thumb a{\nwidth:20%;\n}\n<\/style>\n<div  class='avia-gallery av-luqohvji-e008e1bde662a9fe2d9530e9be566dcc avia_animate_when_visible  avia-builder-el-10  el_after_av_textblock  el_before_av_hr  avia_lazyload avia-gallery-animate avia-gallery-1'  itemprop=\"image\" itemscope=\"itemscope\" itemtype=\"https:\/\/schema.org\/ImageObject\" ><meta itemprop=\"contentURL\" content=\"https:\/\/www.boogaerdthout.nl\/de\/houtsoort\/thermo-frake\/\"><div class='avia-gallery-thumb'><a href=\"https:\/\/www.boogaerdthout.nl\/wp-content\/uploads\/2023\/07\/Boogaerdt-header-houttoepassingen-gevel-frake.jpg\" data-srcset=\"https:\/\/www.boogaerdthout.nl\/wp-content\/uploads\/2023\/07\/Boogaerdt-header-houttoepassingen-gevel-frake.jpg 1000w, https:\/\/www.boogaerdthout.nl\/wp-content\/uploads\/2023\/07\/Boogaerdt-header-houttoepassingen-gevel-frake-300x180.jpg 300w, https:\/\/www.boogaerdthout.nl\/wp-content\/uploads\/2023\/07\/Boogaerdt-header-houttoepassingen-gevel-frake-768x461.jpg 768w, https:\/\/www.boogaerdthout.nl\/wp-content\/uploads\/2023\/07\/Boogaerdt-header-houttoepassingen-gevel-frake-705x423.jpg 705w\" data-sizes=\"(max-width: 1000px) 100vw, 1000px\" data-rel='gallery-1' data-prev-img='https:\/\/www.boogaerdthout.nl\/wp-content\/uploads\/2023\/07\/Boogaerdt-header-houttoepassingen-gevel-frake-495x400.jpg' class='first_thumb lightbox' data-onclick='1' title='Boogaerdt-Header-Holzanwendungen-Fassadenfrake'  itemprop=\"thumbnailUrl\"  ><img decoding=\"async\" fetchpriority=\"high\" class=\"wp-image-1699 avia-img-lazy-loading-not-1699\"   src=\"https:\/\/www.boogaerdthout.nl\/wp-content\/uploads\/2023\/07\/Boogaerdt-header-houttoepassingen-gevel-frake-495x400.jpg\" width=\"495\" height=\"400\"  title='Boogaerdt-Header-Holzanwendungen-Fassadenfrake' alt='Holzanwendungen Fassade Frake 2' \/><div class='big-prev-fake'><img decoding=\"async\" loading=\"lazy\" class=\"wp-image-1699 avia-img-lazy-loading-1699\"  width=\"495\" height=\"400\" src=\"https:\/\/www.boogaerdthout.nl\/wp-content\/uploads\/2023\/07\/Boogaerdt-header-houttoepassingen-gevel-frake-495x400.jpg\" title='Boogaerdt-Header-Holzanwendungen-Fassadenfrake' alt='Holzanwendungen Fassade Frake 2' \/><\/div><\/a><a href=\"https:\/\/www.boogaerdthout.nl\/wp-content\/uploads\/2023\/06\/Boogaerdt-thumbnail-houtsoorten-thermo-frake-min.png\" data-srcset=\"https:\/\/www.boogaerdthout.nl\/wp-content\/uploads\/2023\/06\/Boogaerdt-thumbnail-houtsoorten-thermo-frake-min.png 572w, https:\/\/www.boogaerdthout.nl\/wp-content\/uploads\/2023\/06\/Boogaerdt-thumbnail-houtsoorten-thermo-frake-min-300x262.png 300w\" data-sizes=\"(max-width: 572px) 100vw, 572px\" data-rel='gallery-1' data-prev-img='https:\/\/www.boogaerdthout.nl\/wp-content\/uploads\/2023\/06\/Boogaerdt-thumbnail-houtsoorten-thermo-frake-min-495x400.png' class='lightbox' data-onclick='2' title='Boogaerdt-thumbnail-wood-types-thermo-frake-min'  itemprop=\"thumbnailUrl\"  ><img decoding=\"async\" fetchpriority=\"high\" class=\"wp-image-1645 avia-img-lazy-loading-not-1645\"   src=\"https:\/\/www.boogaerdthout.nl\/wp-content\/uploads\/2023\/06\/Boogaerdt-thumbnail-houtsoorten-thermo-frake-min-495x400.png\" width=\"495\" height=\"400\"  title='Boogaerdt-thumbnail-wood-types-thermo-frake-min' alt='Thermofrake min' \/><div class='big-prev-fake'><img decoding=\"async\" loading=\"lazy\" class=\"wp-image-1645 avia-img-lazy-loading-1645\"  width=\"495\" height=\"400\" src=\"https:\/\/www.boogaerdthout.nl\/wp-content\/uploads\/2023\/06\/Boogaerdt-thumbnail-houtsoorten-thermo-frake-min-495x400.png\" title='Boogaerdt-thumbnail-wood-types-thermo-frake-min' alt='Thermofrake min' \/><\/div><\/a><a href=\"https:\/\/www.boogaerdthout.nl\/wp-content\/uploads\/2023\/07\/Thermo-frake-2.jpg\" data-srcset=\"https:\/\/www.boogaerdthout.nl\/wp-content\/uploads\/2023\/07\/Thermo-frake-2.jpg 768w, https:\/\/www.boogaerdthout.nl\/wp-content\/uploads\/2023\/07\/Thermo-frake-2-300x300.jpg 300w, https:\/\/www.boogaerdthout.nl\/wp-content\/uploads\/2023\/07\/Thermo-frake-2-80x80.jpg 80w, https:\/\/www.boogaerdthout.nl\/wp-content\/uploads\/2023\/07\/Thermo-frake-2-36x36.jpg 36w, https:\/\/www.boogaerdthout.nl\/wp-content\/uploads\/2023\/07\/Thermo-frake-2-180x180.jpg 180w, https:\/\/www.boogaerdthout.nl\/wp-content\/uploads\/2023\/07\/Thermo-frake-2-705x705.jpg 705w\" data-sizes=\"(max-width: 768px) 100vw, 768px\" data-rel='gallery-1' data-prev-img='https:\/\/www.boogaerdthout.nl\/wp-content\/uploads\/2023\/07\/Thermo-frake-2-495x400.jpg' class='lightbox' data-onclick='3' title='Thermofrake 3'  itemprop=\"thumbnailUrl\"  ><img decoding=\"async\" fetchpriority=\"high\" class=\"wp-image-1316 avia-img-lazy-loading-not-1316\"   src=\"https:\/\/www.boogaerdthout.nl\/wp-content\/uploads\/2023\/07\/Thermo-frake-2-495x400.jpg\" width=\"495\" height=\"400\"  title='Thermofrake 3' alt='Thermofrake 3' \/><div class='big-prev-fake'><img decoding=\"async\" loading=\"lazy\" class=\"wp-image-1316 avia-img-lazy-loading-1316\"  width=\"495\" height=\"400\" src=\"https:\/\/www.boogaerdthout.nl\/wp-content\/uploads\/2023\/07\/Thermo-frake-2-495x400.jpg\" title='Thermofrake 3' alt='Thermofrake 3' \/><\/div><\/a><\/div><\/div><br \/>\n\n<style type=\"text\/css\" data-created_by=\"avia_inline_auto\" id=\"style-css-av-gyhx1g-c1c6fb70bba6e0252cb7baf706fdfbfe\">\n#top .hr.hr-invisible.av-gyhx1g-c1c6fb70bba6e0252cb7baf706fdfbfe{\nheight:50px;\n}\n<\/style>\n<div  class='hr av-gyhx1g-c1c6fb70bba6e0252cb7baf706fdfbfe hr-invisible  avia-builder-el-11  el_after_av_gallery  el_before_av_textblock'><span class='hr-inner'><span class=\"hr-inner-style\"><\/span><\/span><\/div><br \/>\n<section  class='av_textblock_section av-ljeegvax-a03f5061849761ccf507a0b9bfdd8bb0'   itemscope=\"itemscope\" itemtype=\"https:\/\/schema.org\/CreativeWork\" ><div class='avia_textblock'  itemprop=\"text\" ><h2>Eigenschaften<\/h2>\n<\/div><\/section><br \/>\n<div class='avia-data-table-wrap av-gta50c-3d02ceed12e7c168b56395933b356e36 avia_responsive_table avia-table-1'><table  class='avia-table avia-data-table avia_pricing_default  avia-builder-el-13  el_after_av_textblock  el_before_av_textblock'  itemscope=\"itemscope\" itemtype=\"https:\/\/schema.org\/Table\" ><tbody><tr class=''><td class=''><strong>Name<\/strong><\/td><td class=''>Thermo Frak\u00e9<\/td><\/tr><tr class=''><td class=''><strong>Wachstumsbereich<\/strong><\/td><td class=''>Tropisches Westafrika<\/td><\/tr><tr class=''><td class=''><strong>Botanischer Name<\/strong><\/td><td class=''>Terminalia superba<\/td><\/tr><tr class=''><td class=''><strong>Haltbarkeitsklasse<\/strong><\/td><td class=''>1-2<\/td><\/tr><tr class=''><td class=''><strong>Brandklasse*<\/strong><\/td><td class=''>Q-s3, d0<br \/>\nB-s2, d0 (nach der Au\u00dfen-WFX-Behandlung)<\/td><\/tr><tr class=''><td class=''><strong>Nutzungsklasse<\/strong><\/td><td class=''>1-3<\/td><\/tr><tr class=''><td class=''><strong>Kraftkurs<\/strong><\/td><td class=''>C16<\/td><\/tr><tr class=''><td class=''><strong>Volumin\u00f6se Masse<\/strong><\/td><td class=''>(450-)550-560-600(-650) kg\/m3 bei 12% Feuchtigkeitsgehalt, frisch 700-825 kg\/m3.<\/td><\/tr><tr class=''><td class=''><strong>Passend f\u00fcr<\/strong><\/td><td class=''>Fassadenverkleidung, Innen- und Au\u00dfenanwendung.<\/td><\/tr><tr class=''><td class=''><strong>Bearbeiten<\/strong><\/td><td class=''>Sowohl von Hand als auch maschinell leicht zu bearbeiten.<\/td><\/tr><\/tbody><\/table><\/div><br \/>\n\n<style type=\"text\/css\" data-created_by=\"avia_inline_auto\" id=\"style-css-av-lxkel2z5-e2f34660ab523d11c666b52a0fab9ee5\">\n#top .av_textblock_section.av-lxkel2z5-e2f34660ab523d11c666b52a0fab9ee5 .avia_textblock{\nfont-size:12px;\n}\n<\/style>\n<section  class='av_textblock_section av-lxkel2z5-e2f34660ab523d11c666b52a0fab9ee5'   itemscope=\"itemscope\" itemtype=\"https:\/\/schema.org\/CreativeWork\" ><div class='avia_textblock'  itemprop=\"text\" ><p>* Laut Leistungserkl\u00e4rung siehe <a href=\"https:\/\/www.boogaerdthout.nl\/de\/uber-uns\/downloads\/\" target=\"_blank\" rel=\"noopener\">Downloads<\/a><\/p>\n<\/div><\/section><br \/>\n\n<style type=\"text\/css\" data-created_by=\"avia_inline_auto\" id=\"style-css-av-c4qwhg-22250ed055efff9f8b5de82d486ad1b7\">\n#top .hr.hr-invisible.av-c4qwhg-22250ed055efff9f8b5de82d486ad1b7{\nheight:50px;\n}\n<\/style>\n<div  class='hr av-c4qwhg-22250ed055efff9f8b5de82d486ad1b7 hr-invisible  avia-builder-el-15  el_after_av_textblock  el_before_av_textblock'><span class='hr-inner'><span class=\"hr-inner-style\"><\/span><\/span><\/div><br \/>\n<section  class='av_textblock_section av-c1skjw-433843dd50cede2263aab66074bd9cd0'   itemscope=\"itemscope\" itemtype=\"https:\/\/schema.org\/CreativeWork\" ><div class='avia_textblock tekst-en-foto'  itemprop=\"text\" ><p><img loading=\"lazy\" decoding=\"async\" class=\"alignright wp-image-4343 size-medium\" src=\"https:\/\/www.boogaerdthout.nl\/wp-content\/uploads\/2023\/06\/thermo-frake-close-up-e1725017132448-233x300.png\" alt=\"\" width=\"233\" height=\"300\" srcset=\"https:\/\/www.boogaerdthout.nl\/wp-content\/uploads\/2023\/06\/thermo-frake-close-up-e1725017132448-233x300.png 233w, https:\/\/www.boogaerdthout.nl\/wp-content\/uploads\/2023\/06\/thermo-frake-close-up-e1725017132448-768x989.png 768w, https:\/\/www.boogaerdthout.nl\/wp-content\/uploads\/2023\/06\/thermo-frake-close-up-e1725017132448-9x12.png 9w, https:\/\/www.boogaerdthout.nl\/wp-content\/uploads\/2023\/06\/thermo-frake-close-up-e1725017132448-547x705.png 547w, https:\/\/www.boogaerdthout.nl\/wp-content\/uploads\/2023\/06\/thermo-frake-close-up-e1725017132448.png 770w\" sizes=\"auto, (max-width: 233px) 100vw, 233px\" \/><\/p>\n<h3>Brandklasse und Profile<\/h3>\n<p>Thermo Frak\u00e9 erf\u00fcllt die Anforderungen der Euroklasse D-s2, d0 gem\u00e4\u00df NEN-EN 14915 und kann sowohl als geschlossene als auch als offene Fassadenverkleidung verwendet werden. Durch spezielle feuerhemmende Ausr\u00fcstung auch in der Brandklasse B-s2, d0 einsetzbar. Weitere Informationen zur Brandklasse finden Sie auf unserer Seite zur CE-Kennzeichnung. Dar\u00fcber hinaus bieten wir verschiedene Profile an, darunter das Bern-Profil und das Paris-Profil, die perfekt zu Ihrem Fassadenprojekt passen.<\/p>\n<\/div><\/section><br \/>\n<div  class='avia-buttonrow-wrap av-lmhkmoma-461c0bd104762e0d56f038a37fb21603 avia-buttonrow-left  avia-builder-el-17  el_after_av_textblock  el_before_av_hr'>\n\n<style type=\"text\/css\" data-created_by=\"avia_inline_auto\" id=\"style-css-av-lmhkmn37-152b1196718121e4b97e32167f2b1911\">\n#top #wrap_all .avia-button.av-lmhkmn37-152b1196718121e4b97e32167f2b1911{\nmargin-bottom:5px;\nmargin-right:5px;\n}\n<\/style>\n<a href='https:\/\/www.boogaerdthout.nl\/de\/over-ons\/ce-markering\/'  class='avia-button av-lmhkmn37-152b1196718121e4b97e32167f2b1911 avia-icon_select-no avia-size-small avia-color-theme-color'   aria-label=\"CE-Kennzeichnung\"><span class='avia_iconbox_title' >CE-Kennzeichnung<\/span><\/a>\n<\/div><br \/>\n\n<style type=\"text\/css\" data-created_by=\"avia_inline_auto\" id=\"style-css-av-e559o-a9957337009adeeb3a91e6b2390c9818\">\n#top .hr.hr-invisible.av-e559o-a9957337009adeeb3a91e6b2390c9818{\nheight:50px;\n}\n<\/style>\n<div  class='hr av-e559o-a9957337009adeeb3a91e6b2390c9818 hr-invisible  avia-builder-el-18  el_after_av_buttonrow  el_before_av_textblock'><span class='hr-inner'><span class=\"hr-inner-style\"><\/span><\/span><\/div><br \/>\n<section  class='av_textblock_section av-luqonxxi-d1157728c04d116cc297739653ecfded'   itemscope=\"itemscope\" itemtype=\"https:\/\/schema.org\/CreativeWork\" ><div class='avia_textblock'  itemprop=\"text\" ><h2>Behandlung von Thermo Frak\u00e9<\/h2>\n<p>Ge\u00f6lte oder gebeizte Thermo Frak\u00e9-Verkleidungen behalten ihre Farbe l\u00e4nger, reduzieren kleine Risse, verbessern die Stabilit\u00e4t und verl\u00e4ngern die Lebensdauer deutlich. Wir empfehlen f\u00fcr Fassadenverkleidungen immer eine ge\u00f6lte oder gebeizte Oberfl\u00e4che, um optimalen Schutz und eine optimale \u00c4sthetik zu gew\u00e4hrleisten.<\/p>\n<\/div><\/section><br \/>\n<div  class='avia-buttonrow-wrap av-luqom0ej-6390c97ca807506df80435e836f10313 avia-buttonrow-left  avia-builder-el-20  el_after_av_textblock  el_before_av_hr'>\n\n<style type=\"text\/css\" data-created_by=\"avia_inline_auto\" id=\"style-css-av-luqolz6v-db499d1ca54bdcd09995da83024e9879\">\n#top #wrap_all .avia-button.av-luqolz6v-db499d1ca54bdcd09995da83024e9879{\nmargin-bottom:5px;\nmargin-right:5px;\n}\n<\/style>\n<a href='https:\/\/www.boogaerdthout.nl\/de\/over-ons\/behandelingen-van-hout\/'  class='avia-button av-luqolz6v-db499d1ca54bdcd09995da83024e9879 avia-icon_select-no avia-size-small avia-color-theme-color'   aria-label=\"Behandlung von Bruchholz\"><span class='avia_iconbox_title' >Behandlung von Bruchholz<\/span><\/a>\n<\/div><br \/>\n\n<style type=\"text\/css\" data-created_by=\"avia_inline_auto\" id=\"style-css-av-am3ys-8821c3eb9c73dbccae991c1935b2b614\">\n#top .hr.hr-invisible.av-am3ys-8821c3eb9c73dbccae991c1935b2b614{\nheight:50px;\n}\n<\/style>\n<div  class='hr av-am3ys-8821c3eb9c73dbccae991c1935b2b614 hr-invisible  avia-builder-el-21  el_after_av_buttonrow  el_before_av_textblock'><span class='hr-inner'><span class=\"hr-inner-style\"><\/span><\/span><\/div><br \/>\n<section  class='av_textblock_section av-sxgk-8ce7e0104865384dd0b1f5d135fc29e5'   itemscope=\"itemscope\" itemtype=\"https:\/\/schema.org\/CreativeWork\" ><div class='avia_textblock tekst-en-foto'  itemprop=\"text\" ><h2>Lagerbestand aus Frak\u00e9-Holz<\/h2>\n<p>Wir haben Thermo Frak\u00e9 auf Lager. Speziell f\u00fcr Fassadenverkleidungen konzipiert. F\u00fcr andere Gr\u00f6\u00dfen wenden Sie sich bitte an unsere Berater. Fragen Sie nach unseren FSC\u00ae-zertifizierten oder PEFC-zertifizierten Produkten.<\/p>\n<\/div><\/section><br \/>\n<div class='avia-data-table-wrap av-arsx5o-3ea0737f250f2125b270de37a7c5114e avia_responsive_table avia-table-2'><table  class='avia-table avia-data-table avia_pricing_default  avia-builder-el-23  el_after_av_textblock  el_before_av_hr'  itemscope=\"itemscope\" itemtype=\"https:\/\/schema.org\/Table\" ><tbody><tr class='avia-heading-row'><th class='avia-desc-col'>Themo Frake<\/th><th class=''><\/th><\/tr><tr class=''><th class='avia-desc-col'>Dicken<\/th><td class=''>26, 33, 46, 52 und 65 mm<\/td><\/tr><tr class=''><th class='avia-desc-col'>Breiten<\/th><td class=''>105, 155 und 205 mm<\/td><\/tr><tr class=''><th class='avia-desc-col'>L\u00e4ngen<\/th><td class=''>von 155 bis 510 cm<\/td><\/tr><tr class=''><th class='avia-desc-col'>Zertifiziert<\/th><td class=''>OLB und FSC\u00ae 100%<\/td><\/tr><\/tbody><\/table><\/div><style type='text\/css'>.avia-table-2 td:nth-of-type(0):before { content: 'Themo Frak\u00e9'; } .avia-table-2 td:nth-of-type(1):before { content: ''; } <\/style><br \/>\n\n<style type=\"text\/css\" data-created_by=\"avia_inline_auto\" id=\"style-css-av-ac3mk-78aca9814c46bef80a1b0fbc74b476ee\">\n#top .hr.hr-invisible.av-ac3mk-78aca9814c46bef80a1b0fbc74b476ee{\nheight:20px;\n}\n<\/style>\n<div  class='hr av-ac3mk-78aca9814c46bef80a1b0fbc74b476ee hr-invisible  avia-builder-el-24  el_after_av_table  el_before_av_textblock'><span class='hr-inner'><span class=\"hr-inner-style\"><\/span><\/span><\/div><br \/>\n<section  class='av_textblock_section av-mnskxbzh-1aa6fb9d66a2640e65f1bb8ea9bd4fe4'   itemscope=\"itemscope\" itemtype=\"https:\/\/schema.org\/CreativeWork\" ><div class='avia_textblock'  itemprop=\"text\" ><h2>H\u00e4ufig gestellte Fragen zu Thermo Frak\u00e9<\/h2>\n<p>Thermo Frak\u00e9-Holz ist nicht irgendein Holz; dank einer W\u00e4rmebehandlung ist es besonders langlebig und formstabil. Im Folgenden finden Sie Antworten auf die h\u00e4ufigsten Fragen zu diesem besonderen Material.<\/p>\n<\/div><\/section><br \/>\n<div  class='togglecontainer av-mnsl2jk0-642c7fe076f3aeef1f22dcd81e4950c4 av-minimal-toggle  avia-builder-el-26  el_after_av_textblock  avia-builder-el-last  toggle_close_all' >\n<section class='av_toggle_section av-mnskypp8-aeda48cf703c35808754c76b5431cce2'  itemscope=\"itemscope\" itemtype=\"https:\/\/schema.org\/CreativeWork\" ><div role=\"tablist\" class=\"single_toggle\" data-tags=\"{Alle} \"  ><p id='toggle-toggle-id-1' data-fake-id='#toggle-id-1' class='toggler  av-title-above'  itemprop=\"headline\"  role='tab' tabindex='0' aria-controls='toggle-id-1' data-slide-speed=\"200\" data-title=\"Wat betekent \u2018thermisch gemodificeerd\u2019 precies?\" data-title-open=\"\" data-aria_collapsed=\"Click to expand: Wat betekent \u2018thermisch gemodificeerd\u2019 precies?\" data-aria_expanded=\"Click to collapse: Wat betekent \u2018thermisch gemodificeerd\u2019 precies?\">Was genau bedeutet \u2018thermisch modifiziert\u2019?<span class=\"toggle_icon\"><span class=\"vert_icon\"><\/span><span class=\"hor_icon\"><\/span><\/span><\/p><div id='toggle-id-1' aria-labelledby='toggle-toggle-id-1' role='region' class='toggle_wrap  av-title-above'  ><div class='toggle_content invers-color'  itemprop=\"text\" ><h4 class=\"x_MsoNormal\"><span data-olk-copy-source=\"MessageBody\">Was genau bedeutet \u2019thermisch modifiziert\u2019?<\/span><\/h4>\n<p class=\"x_MsoNormal\" data-olk-copy-source=\"MessageBody\">Das Holz (urspr\u00fcnglich Frak\u00e9 aus Westafrika) wird ohne chemische Zus\u00e4tze mit Dampf w\u00e4rmebehandelt. Dadurch ver\u00e4ndert sich die Zellstruktur:<\/p>\n<ul type=\"disc\">\n<li class=\"x_MsoNormal\"><b>Nachhaltigkeit:<\/b>\u00a0Es geht von Klasse 4\/5 zu\u00a0<b>Klasse 1-2<\/b>.<\/li>\n<li class=\"x_MsoNormal\"><b>Stabilit\u00e4t:<\/b>\u00a0Die Bewegung des Holzes wird um bis zu 50-90% reduziert, wodurch eine extrem hohe Dimensionsstabilit\u00e4t gew\u00e4hrleistet wird.<\/li>\n<li class=\"x_MsoNormal\"><b>Stromversorgung:<\/b>\u00a0Die Zucker verschwinden aus dem Holz, wodurch Pilze und Insekten das Interesse daran verlieren.<\/li>\n<\/ul>\n<\/div><\/div><\/div><\/section>\n<section class='av_toggle_section av-mnskzphn-d1da336ee4b889154f91ec334455efc7'  itemscope=\"itemscope\" itemtype=\"https:\/\/schema.org\/CreativeWork\" ><div role=\"tablist\" class=\"single_toggle\" data-tags=\"{Alle} \"  ><p id='toggle-toggle-id-2' data-fake-id='#toggle-id-2' class='toggler  av-title-above'  itemprop=\"headline\"  role='tab' tabindex='0' aria-controls='toggle-id-2' data-slide-speed=\"200\" data-title=\" Ik zie zwarte lijntjes en kleine gaatjes, is het hout beschadigd?\" data-title-open=\"\" data-aria_collapsed=\"Click to expand:  Ik zie zwarte lijntjes en kleine gaatjes, is het hout beschadigd?\" data-aria_expanded=\"Click to collapse:  Ik zie zwarte lijntjes en kleine gaatjes, is het hout beschadigd?\"> Ich sehe schwarze Linien und kleine L\u00f6cher, ist das Holz besch\u00e4digt?<span class=\"toggle_icon\"><span class=\"vert_icon\"><\/span><span class=\"hor_icon\"><\/span><\/span><\/p><div id='toggle-id-2' aria-labelledby='toggle-toggle-id-2' role='region' class='toggle_wrap  av-title-above'  ><div class='toggle_content invers-color'  itemprop=\"text\" ><h4><span data-olk-copy-source=\"MessageBody\"> Ich sehe schwarze Linien und kleine L\u00f6cher, ist das Holz besch\u00e4digt?<\/span><\/h4>\n<p>Nein, das ist tats\u00e4chlich das\u00a0<b>einzigartiger Charakter<\/b>\u00a0von Frak\u00e9. Die schwarzen Linien (Flammen) und kleinen \u201cL\u00f6cher\u201d (verursacht durch Insekten im lebenden Baum) verleihen dem Holz ein rustikales, exotisches Aussehen. Nach der W\u00e4rmebehandlung sind nat\u00fcrlich keine Insekten mehr vorhanden, und das Holz ist vollkommen \u2018rein\u2019.<\/p>\n<\/div><\/div><\/div><\/section>\n<section class='av_toggle_section av-mnsl0cr1-db9c2225ee77f6d81e112a15dda3c46b'  itemscope=\"itemscope\" itemtype=\"https:\/\/schema.org\/CreativeWork\" ><div role=\"tablist\" class=\"single_toggle\" data-tags=\"{Alle} \"  ><p id='toggle-toggle-id-3' data-fake-id='#toggle-id-3' class='toggler  av-title-above'  itemprop=\"headline\"  role='tab' tabindex='0' aria-controls='toggle-id-3' data-slide-speed=\"200\" data-title=\"Moet ik Thermo Frak\u00e9 behandelen als ik het als gevelbekleding gebruik?\" data-title-open=\"\" data-aria_collapsed=\"Click to expand: Moet ik Thermo Frak\u00e9 behandelen als ik het als gevelbekleding gebruik?\" data-aria_expanded=\"Click to collapse: Moet ik Thermo Frak\u00e9 behandelen als ik het als gevelbekleding gebruik?\">Muss Thermo Frak\u00e9 behandelt werden, wenn ich es als Fassadenverkleidung verwende?<span class=\"toggle_icon\"><span class=\"vert_icon\"><\/span><span class=\"hor_icon\"><\/span><\/span><\/p><div id='toggle-id-3' aria-labelledby='toggle-toggle-id-3' role='region' class='toggle_wrap  av-title-above'  ><div class='toggle_content invers-color'  itemprop=\"text\" ><h4><span data-olk-copy-source=\"MessageBody\">Muss Thermo Frak\u00e9 behandelt werden, wenn ich es als Fassadenverkleidung verwende?<\/span><\/h4>\n<p class=\"x_MsoNormal\" data-olk-copy-source=\"MessageBody\">Das ist nicht notwendig. Thermo Frak\u00e9 hat eine Lebensdauer von\u00a0<b>mindestens 25 Jahre alt<\/b>, ebenfalls unbehandelt.<\/p>\n<ul type=\"disc\">\n<li class=\"x_MsoNormal\"><b>Unbehandelt:<\/b>\u00a0Unter dem Einfluss von Sonne und Regen nimmt das Holz eine gleichm\u00e4\u00dfige hellgraue Farbe an.<\/li>\n<li class=\"x_MsoNormal\"><b>Behandelt:<\/b>\u00a0M\u00f6chten Sie die tiefbraune, walnussartige Farbe erhalten? Dann verwenden Sie ein \u00d6l oder eine Beize mit UV-Schutz.<\/li>\n<\/ul>\n<\/div><\/div><\/div><\/section>\n<section class='av_toggle_section av-mnsl0y9m-3e6ea86679c2a5667f5272f09853bd75'  itemscope=\"itemscope\" itemtype=\"https:\/\/schema.org\/CreativeWork\" ><div role=\"tablist\" class=\"single_toggle\" data-tags=\"{Alle} \"  ><p id='toggle-toggle-id-4' data-fake-id='#toggle-id-4' class='toggler  av-title-above'  itemprop=\"headline\"  role='tab' tabindex='0' aria-controls='toggle-id-4' data-slide-speed=\"200\" data-title=\" Hoe zit het met de brandveiligheid van Thermo Frak\u00e9?\" data-title-open=\"\" data-aria_collapsed=\"Click to expand:  Hoe zit het met de brandveiligheid van Thermo Frak\u00e9?\" data-aria_expanded=\"Click to collapse:  Hoe zit het met de brandveiligheid van Thermo Frak\u00e9?\"> Wie steht es um den Brandschutz bei Thermo Frak\u00e9?<span class=\"toggle_icon\"><span class=\"vert_icon\"><\/span><span class=\"hor_icon\"><\/span><\/span><\/p><div id='toggle-id-4' aria-labelledby='toggle-toggle-id-4' role='region' class='toggle_wrap  av-title-above'  ><div class='toggle_content invers-color'  itemprop=\"text\" ><h4><span data-olk-copy-source=\"MessageBody\"> Wie steht es um den Brandschutz bei Thermo Frak\u00e9?<\/span><\/h4>\n<p class=\"x_MsoNormal\" data-olk-copy-source=\"MessageBody\">Thermo Frak\u00e9 f\u00e4llt standardm\u00e4\u00dfig in die Brandschutzklasse D. F\u00fcr Projekte mit strengeren Anforderungen (z. B. \u00f6ffentliche Geb\u00e4ude) kann das Holz mit Flammschutzmitteln behandelt werden, um die entsprechenden Anforderungen zu erf\u00fcllen.\u00a0<b>Feuerklasse B<\/b>\u00a0um den Vorgaben zu entsprechen.<\/p>\n<\/div><\/div><\/div><\/section>\n<section class='av_toggle_section av-mnsl1qnr-7d732b06371d29f3b5a7bfe1ee6e0bc2'  itemscope=\"itemscope\" itemtype=\"https:\/\/schema.org\/CreativeWork\" ><div role=\"tablist\" class=\"single_toggle\" data-tags=\"{Alle} \"  ><p id='toggle-toggle-id-5' data-fake-id='#toggle-id-5' class='toggler  av-title-above'  itemprop=\"headline\"  role='tab' tabindex='0' aria-controls='toggle-id-5' data-slide-speed=\"200\" data-title=\"Is Thermo Frak\u00e9 kwetsbaarder dan onbehandeld hardhout?\" data-title-open=\"\" data-aria_collapsed=\"Click to expand: Is Thermo Frak\u00e9 kwetsbaarder dan onbehandeld hardhout?\" data-aria_expanded=\"Click to collapse: Is Thermo Frak\u00e9 kwetsbaarder dan onbehandeld hardhout?\">Ist Thermo Frak\u00e9 anf\u00e4lliger als unbehandeltes Hartholz?<span class=\"toggle_icon\"><span class=\"vert_icon\"><\/span><span class=\"hor_icon\"><\/span><\/span><\/p><div id='toggle-id-5' aria-labelledby='toggle-toggle-id-5' role='region' class='toggle_wrap  av-title-above'  ><div class='toggle_content invers-color'  itemprop=\"text\" ><h4><span data-olk-copy-source=\"MessageBody\">Ist Thermo Frak\u00e9 anf\u00e4lliger als unbehandeltes Hartholz?<\/span><\/h4>\n<p class=\"x_MsoNormal\" data-olk-copy-source=\"MessageBody\">Durch den Modifizierungsprozess wird das Holz trockener und etwas spr\u00f6der. Daher ist beim Zusammenbau Vorsicht geboten:<\/p>\n<ul type=\"disc\">\n<li class=\"x_MsoNormal\"><b>Vorbohrungen:<\/b>\u00a0Um ein Aufspalten an den Kanten zu verhindern, sollten Sie immer vorbohren.<\/li>\n<li class=\"x_MsoNormal\"><b>Best\u00e4tigung:<\/b>\u00a0Um schwarze Flecken durch Korrosion zu vermeiden, verwenden Sie stets Schrauben oder Klemmen aus Edelstahl.<\/li>\n<\/ul>\n<\/div><\/div><\/div><\/section>\n<section class='av_toggle_section av-mnsl2fk5-daf7da07815d4819c78f8ef9e2c1d9d6'  itemscope=\"itemscope\" itemtype=\"https:\/\/schema.org\/CreativeWork\" ><div role=\"tablist\" class=\"single_toggle\" data-tags=\"{Alle} \"  ><p id='toggle-toggle-id-6' data-fake-id='#toggle-id-6' class='toggler  av-title-above'  itemprop=\"headline\"  role='tab' tabindex='0' aria-controls='toggle-id-6' data-slide-speed=\"200\" data-title=\"Waarom wordt Thermo Frak\u00e9 vaak vergeleken met Ayous?\" data-title-open=\"\" data-aria_collapsed=\"Click to expand: Waarom wordt Thermo Frak\u00e9 vaak vergeleken met Ayous?\" data-aria_expanded=\"Click to collapse: Waarom wordt Thermo Frak\u00e9 vaak vergeleken met Ayous?\">Warum wird Thermo Frak\u00e9 oft mit Ayous verglichen?<span class=\"toggle_icon\"><span class=\"vert_icon\"><\/span><span class=\"hor_icon\"><\/span><\/span><\/p><div id='toggle-id-6' aria-labelledby='toggle-toggle-id-6' role='region' class='toggle_wrap  av-title-above'  ><div class='toggle_content invers-color'  itemprop=\"text\" ><h4><span data-olk-copy-source=\"MessageBody\">Warum wird Thermo Frak\u00e9 oft mit Ayous verglichen?<\/span><\/h4>\n<p>Beide sind thermisch modifizierte Holzarten aus Afrika. Der Hauptunterschied besteht darin, dass\u00a0<b>Zeichnung<\/b>Ayous ist sehr gleichm\u00e4\u00dfig und glatt (fast ohne \u00c4ste oder Linien), w\u00e4hrend Frak\u00e9 lebhaft mit charakteristischen Linien und kleinen L\u00f6chern ist. Frak\u00e9 ist au\u00dferdem etwas h\u00e4rter und robuster.<\/p>\n<\/div><\/div><\/div><\/section>\n<\/div><\/p><\/div><div  class='flex_column av-2id3oc-80fc7b7420f5c9ecda621454ab938ce3 av_one_third  avia-builder-el-27  el_after_av_two_third  avia-builder-el-last  no_margin flex_column_div'     ><div  class='avia-builder-widget-area clearfix  avia-builder-el-28  avia-builder-el-no-sibling'><section id=\"avia_auto_toc-2\" class=\"widget clearfix avia-widget-container avia_auto_toc avia_no_block_preview\"><div class=\"avia-preview-headline\">Enfold Child-Inhaltsverzeichnis<\/div><div class=\"avia-preview-info\">Titel: Seiteninhalt<\/div><div class=\"avia-preview-in-front\">Die Tabelle kann nur im Frontend gerendert werden.<\/div><span class=\"seperator extralight-border\"><\/span><\/section><section id=\"text-7\" class=\"widget clearfix widget_text\"><h3 class=\"widgettitle\">Mehr Informationen<\/h3>\t\t\t<div class=\"textwidget\"><ul>\n<li><a href=\"https:\/\/www.boogaerdthout.nl\/de\/inspiration\/wissensbasis\/\">Wissensbasis<\/a><\/li>\n<li><a href=\"https:\/\/www.boogaerdthout.nl\/de\/uber-uns\/downloads\/\">Herunterladen<\/a><\/li>\n<li><a href=\"https:\/\/www.boogaerdthout.nl\/de\/inspiration\/projekte\/\">Projekte<\/a><\/li>\n<li><a href=\"https:\/\/www.boogaerdthout.nl\/de\/fassadenverkleidungsprofile\/\">Profile f\u00fcr Fassadenverkleidung<\/a><\/li>\n<li><a href=\"https:\/\/www.boogaerdthout.nl\/de\/profile-terrassendielen\/\">Terrassenprofile<\/a><\/li>\n<li><a href=\"https:\/\/www.boogaerdthout.nl\/de\/uber-uns\/behandlungen-von-holz\/\">Holzbehandlungen<\/a><\/li>\n<\/ul>\n<\/div>\n\t\t<span class=\"seperator extralight-border\"><\/span><\/section><section id=\"custom_html-2\" class=\"widget_text widget clearfix widget_custom_html\"><h3 class=\"widgettitle\">Stell deine Frage<\/h3><div class=\"textwidget custom-html-widget\">\n\n\t\t\n\t    \t    \n        <div class=\"cta-foto\">\n            <img decoding=\"async\" loading=\"lazy\" width=\"600\" height=\"600\" src=\"https:\/\/www.boogaerdthout.nl\/wp-content\/uploads\/2023\/08\/Boogaerdt-personeel-lars-bastiaansen.jpg\" class=\"wp-image-1822 avia-img-lazy-loading-1822 attachment-post-thumbnail size-post-thumbnail wp-post-image\" alt=\"Lars Bastiaansen\" srcset=\"https:\/\/www.boogaerdthout.nl\/wp-content\/uploads\/2023\/08\/Boogaerdt-personeel-lars-bastiaansen.jpg 600w, https:\/\/www.boogaerdthout.nl\/wp-content\/uploads\/2023\/08\/Boogaerdt-personeel-lars-bastiaansen-300x300.jpg 300w, https:\/\/www.boogaerdthout.nl\/wp-content\/uploads\/2023\/08\/Boogaerdt-personeel-lars-bastiaansen-80x80.jpg 80w, https:\/\/www.boogaerdthout.nl\/wp-content\/uploads\/2023\/08\/Boogaerdt-personeel-lars-bastiaansen-36x36.jpg 36w, https:\/\/www.boogaerdthout.nl\/wp-content\/uploads\/2023\/08\/Boogaerdt-personeel-lars-bastiaansen-180x180.jpg 180w\" sizes=\"auto, (max-width: 600px) 100vw, 600px\" \/>        <\/div>\n        <div class=\"cta-info\">\n            <p>Lars Bastiaansen<\/p>\n            <p class=\"functie\">Verkaufsleiter<\/p>\n            <p>0180-551 552<\/p>\n            <a href=\"\/de\/kontakt\/\" class=\"avia-button avia-icon_select-no avia-size-small btn-side avia-position-left avia-color-theme-color\"><span class=\"avia_iconbox_title\">Eine Nachricht schicken<\/span><\/a>\n        <\/div>\n        \n\t\t\n\t\t\n<\/div><span class=\"seperator extralight-border\"><\/span><\/section><section id=\"text-2\" class=\"widget clearfix widget_text\">\t\t\t<div class=\"textwidget\"><div class=\"artikelen\">\n<h4>Zeitungsartikel<\/h4>\n<p>\t\t\t\t\t\t\t<a href=\"https:\/\/www.boogaerdthout.nl\/de\/2026\/04\/02\/hr-medewerker\/\">\t<\/p>\n<div class=\"wrapper\">\n                <img decoding=\"async\" loading=\"lazy\" width=\"1707\" height=\"1707\" src=\"https:\/\/www.boogaerdthout.nl\/wp-content\/uploads\/2026\/04\/Overleg-Accoya-scaled-e1775138458513.jpg\" class=\"wp-image-5509 avia-img-lazy-loading-5509 attachment-post-thumbnail size-post-thumbnail wp-post-image\" alt=\"\" srcset=\"https:\/\/www.boogaerdthout.nl\/wp-content\/uploads\/2026\/04\/Overleg-Accoya-scaled-e1775138458513.jpg 1707w, https:\/\/www.boogaerdthout.nl\/wp-content\/uploads\/2026\/04\/Overleg-Accoya-scaled-e1775138458513-300x300.jpg 300w, https:\/\/www.boogaerdthout.nl\/wp-content\/uploads\/2026\/04\/Overleg-Accoya-scaled-e1775138458513-1030x1030.jpg 1030w, https:\/\/www.boogaerdthout.nl\/wp-content\/uploads\/2026\/04\/Overleg-Accoya-scaled-e1775138458513-80x80.jpg 80w, https:\/\/www.boogaerdthout.nl\/wp-content\/uploads\/2026\/04\/Overleg-Accoya-scaled-e1775138458513-768x768.jpg 768w, https:\/\/www.boogaerdthout.nl\/wp-content\/uploads\/2026\/04\/Overleg-Accoya-scaled-e1775138458513-1536x1536.jpg 1536w, https:\/\/www.boogaerdthout.nl\/wp-content\/uploads\/2026\/04\/Overleg-Accoya-scaled-e1775138458513-12x12.jpg 12w, https:\/\/www.boogaerdthout.nl\/wp-content\/uploads\/2026\/04\/Overleg-Accoya-scaled-e1775138458513-36x36.jpg 36w, https:\/\/www.boogaerdthout.nl\/wp-content\/uploads\/2026\/04\/Overleg-Accoya-scaled-e1775138458513-180x180.jpg 180w, https:\/\/www.boogaerdthout.nl\/wp-content\/uploads\/2026\/04\/Overleg-Accoya-scaled-e1775138458513-1500x1500.jpg 1500w, https:\/\/www.boogaerdthout.nl\/wp-content\/uploads\/2026\/04\/Overleg-Accoya-scaled-e1775138458513-705x705.jpg 705w, https:\/\/www.boogaerdthout.nl\/wp-content\/uploads\/2026\/04\/Overleg-Accoya-scaled-e1775138458513-400x400.jpg 400w, https:\/\/www.boogaerdthout.nl\/wp-content\/uploads\/2026\/04\/Overleg-Accoya-scaled-e1775138458513-600x600.jpg 600w\" sizes=\"auto, (max-width: 1707px) 100vw, 1707px\" \/>\t\t\t\t<\/p>\n<div class=\"artikel-content\">\n<p>Personalmitarbeiter (24-32 Stunden)<\/p>\n<\/div><\/div>\n<p>        <\/a><br \/>\n\t\t\t\t\t\t\t<a href=\"https:\/\/www.boogaerdthout.nl\/de\/2026\/03\/12\/5416\/\">\t<\/p>\n<div class=\"wrapper\">\n                <img decoding=\"async\" loading=\"lazy\" width=\"1195\" height=\"1195\" src=\"https:\/\/www.boogaerdthout.nl\/wp-content\/uploads\/2026\/02\/Billinga-B-fix-scaled-e1771580756663.png\" class=\"wp-image-5380 avia-img-lazy-loading-5380 attachment-post-thumbnail size-post-thumbnail wp-post-image\" alt=\"\" srcset=\"https:\/\/www.boogaerdthout.nl\/wp-content\/uploads\/2026\/02\/Billinga-B-fix-scaled-e1771580756663.png 1195w, https:\/\/www.boogaerdthout.nl\/wp-content\/uploads\/2026\/02\/Billinga-B-fix-scaled-e1771580756663-300x300.png 300w, https:\/\/www.boogaerdthout.nl\/wp-content\/uploads\/2026\/02\/Billinga-B-fix-scaled-e1771580756663-1030x1030.png 1030w, https:\/\/www.boogaerdthout.nl\/wp-content\/uploads\/2026\/02\/Billinga-B-fix-scaled-e1771580756663-80x80.png 80w, https:\/\/www.boogaerdthout.nl\/wp-content\/uploads\/2026\/02\/Billinga-B-fix-scaled-e1771580756663-768x768.png 768w, https:\/\/www.boogaerdthout.nl\/wp-content\/uploads\/2026\/02\/Billinga-B-fix-scaled-e1771580756663-12x12.png 12w, https:\/\/www.boogaerdthout.nl\/wp-content\/uploads\/2026\/02\/Billinga-B-fix-scaled-e1771580756663-36x36.png 36w, https:\/\/www.boogaerdthout.nl\/wp-content\/uploads\/2026\/02\/Billinga-B-fix-scaled-e1771580756663-180x180.png 180w, https:\/\/www.boogaerdthout.nl\/wp-content\/uploads\/2026\/02\/Billinga-B-fix-scaled-e1771580756663-705x705.png 705w, https:\/\/www.boogaerdthout.nl\/wp-content\/uploads\/2026\/02\/Billinga-B-fix-scaled-e1771580756663-400x400.png 400w, https:\/\/www.boogaerdthout.nl\/wp-content\/uploads\/2026\/02\/Billinga-B-fix-scaled-e1771580756663-600x600.png 600w\" sizes=\"auto, (max-width: 1195px) 100vw, 1195px\" \/>\t\t\t\t<\/p>\n<div class=\"artikel-content\">\n<p>Die Terrassensaison ist er\u00f6ffnet<\/p>\n<\/div><\/div>\n<p>        <\/a><br \/>\n\t\t\t\t\t\t\t<a href=\"https:\/\/www.boogaerdthout.nl\/de\/2026\/03\/08\/stage-marketing\/\">\t<\/p>\n<div class=\"wrapper\">\n                <img decoding=\"async\" loading=\"lazy\" width=\"1024\" height=\"1024\" src=\"https:\/\/www.boogaerdthout.nl\/wp-content\/uploads\/2026\/04\/Gemini_Generated_Image_kpybh0kpybh0kpyb.png\" class=\"wp-image-5517 avia-img-lazy-loading-5517 attachment-post-thumbnail size-post-thumbnail wp-post-image\" alt=\"\" srcset=\"https:\/\/www.boogaerdthout.nl\/wp-content\/uploads\/2026\/04\/Gemini_Generated_Image_kpybh0kpybh0kpyb.png 1024w, https:\/\/www.boogaerdthout.nl\/wp-content\/uploads\/2026\/04\/Gemini_Generated_Image_kpybh0kpybh0kpyb-300x300.png 300w, https:\/\/www.boogaerdthout.nl\/wp-content\/uploads\/2026\/04\/Gemini_Generated_Image_kpybh0kpybh0kpyb-80x80.png 80w, https:\/\/www.boogaerdthout.nl\/wp-content\/uploads\/2026\/04\/Gemini_Generated_Image_kpybh0kpybh0kpyb-768x768.png 768w, https:\/\/www.boogaerdthout.nl\/wp-content\/uploads\/2026\/04\/Gemini_Generated_Image_kpybh0kpybh0kpyb-12x12.png 12w, https:\/\/www.boogaerdthout.nl\/wp-content\/uploads\/2026\/04\/Gemini_Generated_Image_kpybh0kpybh0kpyb-36x36.png 36w, https:\/\/www.boogaerdthout.nl\/wp-content\/uploads\/2026\/04\/Gemini_Generated_Image_kpybh0kpybh0kpyb-180x180.png 180w, https:\/\/www.boogaerdthout.nl\/wp-content\/uploads\/2026\/04\/Gemini_Generated_Image_kpybh0kpybh0kpyb-705x705.png 705w\" sizes=\"auto, (max-width: 1024px) 100vw, 1024px\" \/>\t\t\t\t<\/p>\n<div class=\"artikel-content\">\n<p>Praktikum im Bereich Marketing &amp; Vertrieb<\/p>\n<\/div><\/div>\n<p>        <\/a><\/p><\/div>\n<\/div>\n\t\t<span class=\"seperator extralight-border\"><\/span><\/section><\/div><\/div><\/div><\/div><\/div><!-- close content main div --><\/div><\/div>\n<style type=\"text\/css\" data-created_by=\"avia_inline_auto\" id=\"style-css-av-26wef8-e59a9671e7520b565eb1eaca6deda3b6\">\n.avia-section.av-26wef8-e59a9671e7520b565eb1eaca6deda3b6{\nbackground-color:#ffffff;\nbackground-image:unset;\n}\n<\/style>\n<div id='av_section_2'  class='avia-section av-26wef8-e59a9671e7520b565eb1eaca6deda3b6 main_color avia-section-large avia-no-border-styling  avia-builder-el-29  el_after_av_section  avia-builder-el-last  avia-bg-style-scroll container_wrap sidebar_right'  ><div class='container av-section-cont-open' ><div class='template-page content  av-content-small alpha units'><div class='post-entry post-entry-type-page post-entry-732'><div class='entry-content-wrapper clearfix'>\n<div  class='flex_column av-20dg38-965e6fe41729894613b3fa12532d9518 av_one_full  avia-builder-el-30  avia-builder-el-no-sibling  first flex_column_div'     ><style type=\"text\/css\" data-created_by=\"avia_inline_auto\" id=\"style-css-av-1xxxmk-d4e2b5725ca14f68705e0cd79ec86fca\">\n#top .av_textblock_section.av-1xxxmk-d4e2b5725ca14f68705e0cd79ec86fca .avia_textblock{\nfont-size:22px;\n}\n<\/style>\n<section  class='av_textblock_section av-1xxxmk-d4e2b5725ca14f68705e0cd79ec86fca'   itemscope=\"itemscope\" itemtype=\"https:\/\/schema.org\/CreativeWork\" ><div class='avia_textblock'  itemprop=\"text\" ><h2>Thermo Frak\u00e9 ist f\u00fcr diese Anwendungen perfekt geeignet<\/h2>\n<p>Wir liefern ma\u00dfgeschneiderte und fertige Holzl\u00f6sungen f\u00fcr Bau, Handwerk, Industrie und Schiffbau, Zimmerei, Yachten und Innenausbau. Sie haben konkrete Fragen oder W\u00fcnsche? <a href=\"https:\/\/www.boogaerdthout.nl\/de\/kontakt\/\">Dann kontaktieren Sie uns<\/a>.<\/p>\n<\/div><\/section><br \/>\n\n<style type=\"text\/css\" data-created_by=\"avia_inline_auto\" id=\"style-css-av-1sq8ok-4dacce1b24c415b5eb17c1240b982eab\">\n#top .hr.hr-invisible.av-1sq8ok-4dacce1b24c415b5eb17c1240b982eab{\nheight:20px;\n}\n<\/style>\n<div  class='hr av-1sq8ok-4dacce1b24c415b5eb17c1240b982eab hr-invisible  avia-builder-el-32  el_after_av_textblock  el_before_av_codeblock'><span class='hr-inner'><span class=\"hr-inner-style\"><\/span><\/span><\/div><br \/>\n<\/p><\/div>\n<\/div><\/div><\/div><!-- close content main div --><\/div><\/div><div id='after_section_2'  class='main_color av_default_container_wrap container_wrap sidebar_right'  ><div class='container av-section-cont-open' ><div class='template-page content  av-content-small alpha units'><div class='post-entry post-entry-type-page post-entry-732'><div class='entry-content-wrapper clearfix'><\/p>","protected":false},"featured_media":1947,"template":"","class_list":["post-732","houtsoort","type-houtsoort","status-publish","has-post-thumbnail","hentry"],"acf":[],"yoast_head":"<!-- This site is optimized with the Yoast SEO plugin v27.5 - https:\/\/yoast.com\/product\/yoast-seo-wordpress\/ -->\n<title>Thermo Frak\u00e9 voor gevelbekleding - Boogaerdt Hout<\/title>\n<meta name=\"description\" content=\"Ontdek Thermo Frake, een luxe houtsoort met prachtige bruine kleur. Perfect geschikt voor gevelbekleding en interieurtoepassingen.\" \/>\n<meta name=\"robots\" content=\"index, follow, max-snippet:-1, max-image-preview:large, max-video-preview:-1\" \/>\n<link rel=\"canonical\" href=\"https:\/\/www.boogaerdthout.nl\/de\/holzart\/thermofrake\/\" \/>\n<meta property=\"og:locale\" content=\"de_DE\" \/>\n<meta property=\"og:type\" content=\"article\" \/>\n<meta property=\"og:title\" content=\"Thermo Frak\u00e9 voor gevelbekleding - Boogaerdt Hout\" \/>\n<meta property=\"og:description\" content=\"Ontdek Thermo Frake, een luxe houtsoort met prachtige bruine kleur. Perfect geschikt voor gevelbekleding en interieurtoepassingen.\" \/>\n<meta property=\"og:url\" content=\"https:\/\/www.boogaerdthout.nl\/de\/holzart\/thermofrake\/\" \/>\n<meta property=\"og:site_name\" content=\"Boogaerdt Hout\" \/>\n<meta property=\"article:modified_time\" content=\"2026-04-10T07:43:48+00:00\" \/>\n<meta property=\"og:image\" content=\"https:\/\/www.boogaerdthout.nl\/wp-content\/uploads\/2023\/08\/Boogaerdt-thumb-houtsoort-thermo-frake.jpg\" \/>\n\t<meta property=\"og:image:width\" content=\"572\" \/>\n\t<meta property=\"og:image:height\" content=\"500\" \/>\n\t<meta property=\"og:image:type\" content=\"image\/jpeg\" \/>\n<meta name=\"twitter:label1\" content=\"Gesch\u00e4tzte Lesezeit\" \/>\n\t<meta name=\"twitter:data1\" content=\"7\u00a0Minuten\" \/>\n<script type=\"application\/ld+json\" class=\"yoast-schema-graph\">{\"@context\":\"https:\\\/\\\/schema.org\",\"@graph\":[{\"@type\":\"WebPage\",\"@id\":\"https:\\\/\\\/www.boogaerdthout.nl\\\/houtsoort\\\/thermo-frake\\\/\",\"url\":\"https:\\\/\\\/www.boogaerdthout.nl\\\/houtsoort\\\/thermo-frake\\\/\",\"name\":\"Thermo Frak\u00e9 voor gevelbekleding - Boogaerdt Hout\",\"isPartOf\":{\"@id\":\"https:\\\/\\\/www.boogaerdthout.nl\\\/#website\"},\"primaryImageOfPage\":{\"@id\":\"https:\\\/\\\/www.boogaerdthout.nl\\\/houtsoort\\\/thermo-frake\\\/#primaryimage\"},\"image\":{\"@id\":\"https:\\\/\\\/www.boogaerdthout.nl\\\/houtsoort\\\/thermo-frake\\\/#primaryimage\"},\"thumbnailUrl\":\"https:\\\/\\\/www.boogaerdthout.nl\\\/wp-content\\\/uploads\\\/2023\\\/08\\\/Boogaerdt-thumb-houtsoort-thermo-frake.jpg\",\"datePublished\":\"2023-06-27T14:47:49+00:00\",\"dateModified\":\"2026-04-10T07:43:48+00:00\",\"description\":\"Ontdek Thermo Frake, een luxe houtsoort met prachtige bruine kleur. Perfect geschikt voor gevelbekleding en interieurtoepassingen.\",\"breadcrumb\":{\"@id\":\"https:\\\/\\\/www.boogaerdthout.nl\\\/houtsoort\\\/thermo-frake\\\/#breadcrumb\"},\"inLanguage\":\"de\",\"potentialAction\":[{\"@type\":\"ReadAction\",\"target\":[\"https:\\\/\\\/www.boogaerdthout.nl\\\/houtsoort\\\/thermo-frake\\\/\"]}]},{\"@type\":\"ImageObject\",\"inLanguage\":\"de\",\"@id\":\"https:\\\/\\\/www.boogaerdthout.nl\\\/houtsoort\\\/thermo-frake\\\/#primaryimage\",\"url\":\"https:\\\/\\\/www.boogaerdthout.nl\\\/wp-content\\\/uploads\\\/2023\\\/08\\\/Boogaerdt-thumb-houtsoort-thermo-frake.jpg\",\"contentUrl\":\"https:\\\/\\\/www.boogaerdthout.nl\\\/wp-content\\\/uploads\\\/2023\\\/08\\\/Boogaerdt-thumb-houtsoort-thermo-frake.jpg\",\"width\":572,\"height\":500,\"caption\":\"thermo frake\"},{\"@type\":\"BreadcrumbList\",\"@id\":\"https:\\\/\\\/www.boogaerdthout.nl\\\/houtsoort\\\/thermo-frake\\\/#breadcrumb\",\"itemListElement\":[{\"@type\":\"ListItem\",\"position\":1,\"name\":\"Home\",\"item\":\"https:\\\/\\\/www.boogaerdthout.nl\\\/home-2\\\/\"},{\"@type\":\"ListItem\",\"position\":2,\"name\":\"Thermo Frak\u00e9\"}]},{\"@type\":\"WebSite\",\"@id\":\"https:\\\/\\\/www.boogaerdthout.nl\\\/#website\",\"url\":\"https:\\\/\\\/www.boogaerdthout.nl\\\/\",\"name\":\"Boogaerdt Hout\",\"description\":\"Koninklijke houthandel Boogaerdt B.V.\",\"potentialAction\":[{\"@type\":\"SearchAction\",\"target\":{\"@type\":\"EntryPoint\",\"urlTemplate\":\"https:\\\/\\\/www.boogaerdthout.nl\\\/?s={search_term_string}\"},\"query-input\":{\"@type\":\"PropertyValueSpecification\",\"valueRequired\":true,\"valueName\":\"search_term_string\"}}],\"inLanguage\":\"de\"}]}<\/script>\n<!-- \/ Yoast SEO plugin. -->","yoast_head_json":{"title":"Thermo Frak\u00e9 f\u00fcr Fassadenverkleidung - Boogaerdt Hout","description":"Entdecken Sie Thermo Frake, eine luxuri\u00f6se Holzart mit einer wundersch\u00f6nen braunen Farbe. Perfekt geeignet f\u00fcr Fassadenverkleidungen und Innenanwendungen.","robots":{"index":"index","follow":"follow","max-snippet":"max-snippet:-1","max-image-preview":"max-image-preview:large","max-video-preview":"max-video-preview:-1"},"canonical":"https:\/\/www.boogaerdthout.nl\/de\/holzart\/thermofrake\/","og_locale":"de_DE","og_type":"article","og_title":"Thermo Frak\u00e9 voor gevelbekleding - Boogaerdt Hout","og_description":"Ontdek Thermo Frake, een luxe houtsoort met prachtige bruine kleur. Perfect geschikt voor gevelbekleding en interieurtoepassingen.","og_url":"https:\/\/www.boogaerdthout.nl\/de\/holzart\/thermofrake\/","og_site_name":"Boogaerdt Hout","article_modified_time":"2026-04-10T07:43:48+00:00","og_image":[{"width":572,"height":500,"url":"https:\/\/www.boogaerdthout.nl\/wp-content\/uploads\/2023\/08\/Boogaerdt-thumb-houtsoort-thermo-frake.jpg","type":"image\/jpeg"}],"twitter_misc":{"Gesch\u00e4tzte Lesezeit":"7\u00a0Minuten"},"schema":{"@context":"https:\/\/schema.org","@graph":[{"@type":"WebPage","@id":"https:\/\/www.boogaerdthout.nl\/houtsoort\/thermo-frake\/","url":"https:\/\/www.boogaerdthout.nl\/houtsoort\/thermo-frake\/","name":"Thermo Frak\u00e9 f\u00fcr Fassadenverkleidung - Boogaerdt Hout","isPartOf":{"@id":"https:\/\/www.boogaerdthout.nl\/#website"},"primaryImageOfPage":{"@id":"https:\/\/www.boogaerdthout.nl\/houtsoort\/thermo-frake\/#primaryimage"},"image":{"@id":"https:\/\/www.boogaerdthout.nl\/houtsoort\/thermo-frake\/#primaryimage"},"thumbnailUrl":"https:\/\/www.boogaerdthout.nl\/wp-content\/uploads\/2023\/08\/Boogaerdt-thumb-houtsoort-thermo-frake.jpg","datePublished":"2023-06-27T14:47:49+00:00","dateModified":"2026-04-10T07:43:48+00:00","description":"Entdecken Sie Thermo Frake, eine luxuri\u00f6se Holzart mit einer wundersch\u00f6nen braunen Farbe. Perfekt geeignet f\u00fcr Fassadenverkleidungen und Innenanwendungen.","breadcrumb":{"@id":"https:\/\/www.boogaerdthout.nl\/houtsoort\/thermo-frake\/#breadcrumb"},"inLanguage":"de","potentialAction":[{"@type":"ReadAction","target":["https:\/\/www.boogaerdthout.nl\/houtsoort\/thermo-frake\/"]}]},{"@type":"ImageObject","inLanguage":"de","@id":"https:\/\/www.boogaerdthout.nl\/houtsoort\/thermo-frake\/#primaryimage","url":"https:\/\/www.boogaerdthout.nl\/wp-content\/uploads\/2023\/08\/Boogaerdt-thumb-houtsoort-thermo-frake.jpg","contentUrl":"https:\/\/www.boogaerdthout.nl\/wp-content\/uploads\/2023\/08\/Boogaerdt-thumb-houtsoort-thermo-frake.jpg","width":572,"height":500,"caption":"thermo frake"},{"@type":"BreadcrumbList","@id":"https:\/\/www.boogaerdthout.nl\/houtsoort\/thermo-frake\/#breadcrumb","itemListElement":[{"@type":"ListItem","position":1,"name":"Home","item":"https:\/\/www.boogaerdthout.nl\/home-2\/"},{"@type":"ListItem","position":2,"name":"Thermo Frak\u00e9"}]},{"@type":"WebSite","@id":"https:\/\/www.boogaerdthout.nl\/#website","url":"https:\/\/www.boogaerdthout.nl\/","name":"Boogaerdt Hout","description":"Koninklijke houthandel Boogaerdt BV","potentialAction":[{"@type":"SearchAction","target":{"@type":"EntryPoint","urlTemplate":"https:\/\/www.boogaerdthout.nl\/?s={search_term_string}"},"query-input":{"@type":"PropertyValueSpecification","valueRequired":true,"valueName":"search_term_string"}}],"inLanguage":"de"}]}},"_links":{"self":[{"href":"https:\/\/www.boogaerdthout.nl\/de\/wp-json\/wp\/v2\/houtsoort\/732","targetHints":{"allow":["GET"]}}],"collection":[{"href":"https:\/\/www.boogaerdthout.nl\/de\/wp-json\/wp\/v2\/houtsoort"}],"about":[{"href":"https:\/\/www.boogaerdthout.nl\/de\/wp-json\/wp\/v2\/types\/houtsoort"}],"wp:featuredmedia":[{"embeddable":true,"href":"https:\/\/www.boogaerdthout.nl\/de\/wp-json\/wp\/v2\/media\/1947"}],"wp:attachment":[{"href":"https:\/\/www.boogaerdthout.nl\/de\/wp-json\/wp\/v2\/media?parent=732"}],"curies":[{"name":"wp","href":"https:\/\/api.w.org\/{rel}","templated":true}]}}